
{"id":4537,"date":"2023-01-26T16:49:20","date_gmt":"2023-01-26T16:49:20","guid":{"rendered":"https:\/\/somafel.com\/projets-cofinances\/"},"modified":"2023-10-12T10:54:24","modified_gmt":"2023-10-12T10:54:24","slug":"projets-cofinances","status":"publish","type":"page","link":"https:\/\/somafel.com\/fr\/projets-cofinances\/","title":{"rendered":"Projets Cofinanc\u00e9s"},"content":{"rendered":"\n<div class=\"wp-block-buttons is-layout-flex wp-block-buttons-is-layout-flex\"><\/div>\n\n<p class=\"has-medium-font-size\"><\/p><p class=\"has-medium-font-size\" style=\"margin-top:0;\"><p style=\"font-size:20px;margin-top:0;\"><strong>Plano Formativo SOMAFEL 2022 &#8211; 2023<\/strong><\/p>&#13;\n<\/p>\n\n<p>Ce projet vise \u00e0 r\u00e9aliser les intentions strat\u00e9giques de Somafel, \u00e0 travers l\u2019ex\u00e9cution d\u2019un plan de formation qui permet l\u2019acquisition et l\u2019assouplissement des comp\u00e9tences techniques des employ\u00e9s dans des domaines critiques pour l\u2019entreprise, l\u2019optimisation du processus de production et l\u2019am\u00e9lioration du contr\u00f4le de la qualit\u00e9 du travail effectu\u00e9.<\/p>\n\n<div style=\"height:34px\" aria-hidden=\"true\" class=\"wp-block-spacer\"><\/div>\n\n<p style=\"font-size:18px\"><strong>D\u00e9tails du projet<\/strong><\/p>\n\n<p style=\"font-size:16px\"><mark style=\"background-color:rgba(0, 0, 0, 0);color:#5d6576;\" class=\"has-inline-color\"><span style=\"font-weight:700;\">Projet n\u00ba<\/span> | 182087<\/mark><\/p>\n\n<p style=\"font-size:16px\"><mark style=\"background-color:rgba(0, 0, 0, 0);color:#5d6576\" class=\"has-inline-color\"><span style=\"font-weight:700;\">R\u00e9gion d\u2019intervention<\/span> | Centre<\/mark><\/p>\n\n<p style=\"font-size:16px\"><mark style=\"background-color:rgba(0, 0, 0, 0);color:#5d6576\" class=\"has-inline-color\"><span style=\"font-weight:700;\">Date d\u2019approbation<\/span> | 14-12-2022<\/mark><\/p>\n\n<p style=\"font-size:16px\"><mark style=\"background-color:rgba(0, 0, 0, 0);color:#5d6576\" class=\"has-inline-color\"><span style=\"font-weight:700;\">Date de d\u00e9but<\/span> | 12-10-2022<\/mark><\/p>\n\n<p style=\"font-size:16px\"><mark style=\"background-color:rgba(0, 0, 0, 0);color:#5d6576\" class=\"has-inline-color\"><span style=\"font-weight:700;\">Date d\u2019ach\u00e8vement<\/span> | 31-07-2023<\/mark><\/p>\n\n<p style=\"font-size:16px\"><mark style=\"background-color:rgba(0, 0, 0, 0);color:#5d6576\" class=\"has-inline-color\"><span style=\"font-weight:700;\">Total des co\u00fbts admissibles<\/span> | 158.129,92 Euros<\/mark><\/p>\n\n<p style=\"font-size:16px\"><mark style=\"background-color:rgba(0, 0, 0, 0);color:#5d6576\" class=\"has-inline-color\"><span style=\"font-weight:700;\">Soutien financier de l\u2019UE<\/span> | FSE &#8211; 79.064,96 Euros<\/mark><\/p>\n\n<p style=\"font-size:16px\"><mark style=\"background-color:rgba(0, 0, 0, 0);color:#5d6576\" class=\"has-inline-color\"><span style=\"font-weight:700;\">Cofinancement<\/span><\/mark>:<\/p>\n\n<div class=\"wp-block-uagb-image uagb-block-8eae3450 wp-block-uagb-image--layout-default wp-block-uagb-image--effect-static wp-block-uagb-image--align-none\"><figure class=\"wp-block-uagb-image__figure\"><img loading=\"lazy\" decoding=\"async\" srcset=\"https:\/\/somafel.com\/wp-content\/uploads\/2023\/01\/logos2-1024x133.png 1024w\" src=\"https:\/\/somafel.com\/wp-content\/uploads\/2023\/01\/logos2-1024x133.png\" alt=\"\" class=\"uag-image-4529\" width=\"605\" height=\"78\" title=\"\"\/><\/figure><\/div>\n\n<div style=\"height:34px\" aria-hidden=\"true\" class=\"wp-block-spacer\"><\/div>\n\n<div class=\"wp-block-group\"><div class=\"wp-block-group__inner-container is-layout-flow wp-block-group-is-layout-flow\">\n<div class=\"wp-block-columns is-layout-flex wp-container-core-columns-is-layout-9d6595d7 wp-block-columns-is-layout-flex\">\n<div class=\"wp-block-column is-layout-flow wp-block-column-is-layout-flow\" style=\"flex-basis:100%\">\n<div class=\"wp-block-buttons is-layout-flex wp-block-buttons-is-layout-flex\">\n<div class=\"wp-block-button has-custom-font-size\" style=\"font-size:16px\"><a class=\"wp-block-button__link has-white-color has-text-color has-background\" href=\"https:\/\/somafel.com\/wp-content\/uploads\/2023\/10\/Projet_FR.pdf\" style=\"border-radius:5px;background-color:#f8d014\" target=\"_blank\" rel=\"noreferrer noopener\"><strong style=\"font-weight:700;color:#FFFFFF!important;\">Fiche projet<\/strong><\/a><\/div>\n<\/div>\n<\/div>\n<\/div>\n<\/div><\/div>\n\n<p><\/p>\n","protected":false},"excerpt":{"rendered":"<p>Plano Formativo SOMAFEL 2022 &#8211; 2023 &#13; Ce projet vise \u00e0 r\u00e9aliser les intentions strat\u00e9giques de Somafel, \u00e0 travers l\u2019ex\u00e9cution d\u2019un plan de formation qui permet l\u2019acquisition et l\u2019assouplissement des comp\u00e9tences techniques des employ\u00e9s dans des domaines critiques pour l\u2019entreprise, l\u2019optimisation du processus de production et l\u2019am\u00e9lioration du contr\u00f4le de la qualit\u00e9 du travail effectu\u00e9. [&hellip;]<\/p>\n","protected":false},"author":3,"featured_media":3081,"parent":0,"menu_order":0,"comment_status":"closed","ping_status":"closed","template":"","meta":{"_acf_changed":false,"_uag_custom_page_level_css":"","footnotes":""},"class_list":["post-4537","page","type-page","status-publish","has-post-thumbnail","hentry"],"acf":[],"yoast_head":"<!-- This site is optimized with the Yoast SEO plugin v26.8 - https:\/\/yoast.com\/product\/yoast-seo-wordpress\/ -->\n<title>Projets Cofinanc\u00e9s - SOMAFEL<\/title>\n<meta name=\"robots\" content=\"index, follow, max-snippet:-1, max-image-preview:large, max-video-preview:-1\" \/>\n<link rel=\"canonical\" href=\"https:\/\/somafel.com\/fr\/projets-cofinances\/\" \/>\n<meta property=\"og:locale\" content=\"fr_FR\" \/>\n<meta property=\"og:type\" content=\"article\" \/>\n<meta property=\"og:title\" content=\"Projets Cofinanc\u00e9s - SOMAFEL\" \/>\n<meta property=\"og:description\" content=\"Plano Formativo SOMAFEL 2022 &#8211; 2023 &#013; Ce projet vise \u00e0 r\u00e9aliser les intentions strat\u00e9giques de Somafel, \u00e0 travers l\u2019ex\u00e9cution d\u2019un plan de formation qui permet l\u2019acquisition et l\u2019assouplissement des comp\u00e9tences techniques des employ\u00e9s dans des domaines critiques pour l\u2019entreprise, l\u2019optimisation du processus de production et l\u2019am\u00e9lioration du contr\u00f4le de la qualit\u00e9 du travail effectu\u00e9. [&hellip;]\" \/>\n<meta property=\"og:url\" content=\"https:\/\/somafel.com\/fr\/projets-cofinances\/\" \/>\n<meta property=\"og:site_name\" content=\"SOMAFEL\" \/>\n<meta property=\"article:modified_time\" content=\"2023-10-12T10:54:24+00:00\" \/>\n<meta property=\"og:image\" content=\"https:\/\/somafel.com\/wp-content\/uploads\/2019\/05\/projetos-1.jpg\" \/>\n\t<meta property=\"og:image:width\" content=\"1920\" \/>\n\t<meta property=\"og:image:height\" content=\"500\" \/>\n\t<meta property=\"og:image:type\" content=\"image\/jpeg\" \/>\n<meta name=\"twitter:card\" content=\"summary_large_image\" \/>\n<meta name=\"twitter:label1\" content=\"Dur\u00e9e de lecture estim\u00e9e\" \/>\n\t<meta name=\"twitter:data1\" content=\"1 minute\" \/>\n<script type=\"application\/ld+json\" class=\"yoast-schema-graph\">{\"@context\":\"https:\/\/schema.org\",\"@graph\":[{\"@type\":\"WebPage\",\"@id\":\"https:\/\/somafel.com\/fr\/projets-cofinances\/\",\"url\":\"https:\/\/somafel.com\/fr\/projets-cofinances\/\",\"name\":\"Projets Cofinanc\u00e9s - SOMAFEL\",\"isPartOf\":{\"@id\":\"https:\/\/somafel.com\/fr\/#website\"},\"primaryImageOfPage\":{\"@id\":\"https:\/\/somafel.com\/fr\/projets-cofinances\/#primaryimage\"},\"image\":{\"@id\":\"https:\/\/somafel.com\/fr\/projets-cofinances\/#primaryimage\"},\"thumbnailUrl\":\"https:\/\/somafel.com\/wp-content\/uploads\/2019\/05\/projetos-1.jpg\",\"datePublished\":\"2023-01-26T16:49:20+00:00\",\"dateModified\":\"2023-10-12T10:54:24+00:00\",\"breadcrumb\":{\"@id\":\"https:\/\/somafel.com\/fr\/projets-cofinances\/#breadcrumb\"},\"inLanguage\":\"fr-FR\",\"potentialAction\":[{\"@type\":\"ReadAction\",\"target\":[\"https:\/\/somafel.com\/fr\/projets-cofinances\/\"]}]},{\"@type\":\"ImageObject\",\"inLanguage\":\"fr-FR\",\"@id\":\"https:\/\/somafel.com\/fr\/projets-cofinances\/#primaryimage\",\"url\":\"https:\/\/somafel.com\/wp-content\/uploads\/2019\/05\/projetos-1.jpg\",\"contentUrl\":\"https:\/\/somafel.com\/wp-content\/uploads\/2019\/05\/projetos-1.jpg\",\"width\":1920,\"height\":500},{\"@type\":\"BreadcrumbList\",\"@id\":\"https:\/\/somafel.com\/fr\/projets-cofinances\/#breadcrumb\",\"itemListElement\":[{\"@type\":\"ListItem\",\"position\":1,\"name\":\"In\u00edcio\",\"item\":\"https:\/\/somafel.com\/fr\/\"},{\"@type\":\"ListItem\",\"position\":2,\"name\":\"Projets Cofinanc\u00e9s\"}]},{\"@type\":\"WebSite\",\"@id\":\"https:\/\/somafel.com\/fr\/#website\",\"url\":\"https:\/\/somafel.com\/fr\/\",\"name\":\"SOMAFEL\",\"description\":\"Railway Works Experts\",\"potentialAction\":[{\"@type\":\"SearchAction\",\"target\":{\"@type\":\"EntryPoint\",\"urlTemplate\":\"https:\/\/somafel.com\/fr\/?s={search_term_string}\"},\"query-input\":{\"@type\":\"PropertyValueSpecification\",\"valueRequired\":true,\"valueName\":\"search_term_string\"}}],\"inLanguage\":\"fr-FR\"}]}<\/script>\n<!-- \/ Yoast SEO plugin. -->","yoast_head_json":{"title":"Projets Cofinanc\u00e9s - SOMAFEL","robots":{"index":"index","follow":"follow","max-snippet":"max-snippet:-1","max-image-preview":"max-image-preview:large","max-video-preview":"max-video-preview:-1"},"canonical":"https:\/\/somafel.com\/fr\/projets-cofinances\/","og_locale":"fr_FR","og_type":"article","og_title":"Projets Cofinanc\u00e9s - SOMAFEL","og_description":"Plano Formativo SOMAFEL 2022 &#8211; 2023 &#13; Ce projet vise \u00e0 r\u00e9aliser les intentions strat\u00e9giques de Somafel, \u00e0 travers l\u2019ex\u00e9cution d\u2019un plan de formation qui permet l\u2019acquisition et l\u2019assouplissement des comp\u00e9tences techniques des employ\u00e9s dans des domaines critiques pour l\u2019entreprise, l\u2019optimisation du processus de production et l\u2019am\u00e9lioration du contr\u00f4le de la qualit\u00e9 du travail effectu\u00e9. [&hellip;]","og_url":"https:\/\/somafel.com\/fr\/projets-cofinances\/","og_site_name":"SOMAFEL","article_modified_time":"2023-10-12T10:54:24+00:00","og_image":[{"width":1920,"height":500,"url":"https:\/\/somafel.com\/wp-content\/uploads\/2019\/05\/projetos-1.jpg","type":"image\/jpeg"}],"twitter_card":"summary_large_image","twitter_misc":{"Dur\u00e9e de lecture estim\u00e9e":"1 minute"},"schema":{"@context":"https:\/\/schema.org","@graph":[{"@type":"WebPage","@id":"https:\/\/somafel.com\/fr\/projets-cofinances\/","url":"https:\/\/somafel.com\/fr\/projets-cofinances\/","name":"Projets Cofinanc\u00e9s - SOMAFEL","isPartOf":{"@id":"https:\/\/somafel.com\/fr\/#website"},"primaryImageOfPage":{"@id":"https:\/\/somafel.com\/fr\/projets-cofinances\/#primaryimage"},"image":{"@id":"https:\/\/somafel.com\/fr\/projets-cofinances\/#primaryimage"},"thumbnailUrl":"https:\/\/somafel.com\/wp-content\/uploads\/2019\/05\/projetos-1.jpg","datePublished":"2023-01-26T16:49:20+00:00","dateModified":"2023-10-12T10:54:24+00:00","breadcrumb":{"@id":"https:\/\/somafel.com\/fr\/projets-cofinances\/#breadcrumb"},"inLanguage":"fr-FR","potentialAction":[{"@type":"ReadAction","target":["https:\/\/somafel.com\/fr\/projets-cofinances\/"]}]},{"@type":"ImageObject","inLanguage":"fr-FR","@id":"https:\/\/somafel.com\/fr\/projets-cofinances\/#primaryimage","url":"https:\/\/somafel.com\/wp-content\/uploads\/2019\/05\/projetos-1.jpg","contentUrl":"https:\/\/somafel.com\/wp-content\/uploads\/2019\/05\/projetos-1.jpg","width":1920,"height":500},{"@type":"BreadcrumbList","@id":"https:\/\/somafel.com\/fr\/projets-cofinances\/#breadcrumb","itemListElement":[{"@type":"ListItem","position":1,"name":"In\u00edcio","item":"https:\/\/somafel.com\/fr\/"},{"@type":"ListItem","position":2,"name":"Projets Cofinanc\u00e9s"}]},{"@type":"WebSite","@id":"https:\/\/somafel.com\/fr\/#website","url":"https:\/\/somafel.com\/fr\/","name":"SOMAFEL","description":"Railway Works Experts","potentialAction":[{"@type":"SearchAction","target":{"@type":"EntryPoint","urlTemplate":"https:\/\/somafel.com\/fr\/?s={search_term_string}"},"query-input":{"@type":"PropertyValueSpecification","valueRequired":true,"valueName":"search_term_string"}}],"inLanguage":"fr-FR"}]}},"uagb_featured_image_src":{"full":["https:\/\/somafel.com\/wp-content\/uploads\/2019\/05\/projetos-1.jpg",1920,500,false],"thumbnail":["https:\/\/somafel.com\/wp-content\/uploads\/2019\/05\/projetos-1-150x150.jpg",150,150,true],"medium":["https:\/\/somafel.com\/wp-content\/uploads\/2019\/05\/projetos-1-300x78.jpg",300,78,true],"medium_large":["https:\/\/somafel.com\/wp-content\/uploads\/2019\/05\/projetos-1-768x200.jpg",768,200,true],"large":["https:\/\/somafel.com\/wp-content\/uploads\/2019\/05\/projetos-1-1024x267.jpg",1024,267,true],"1536x1536":["https:\/\/somafel.com\/wp-content\/uploads\/2019\/05\/projetos-1.jpg",1536,400,false],"2048x2048":["https:\/\/somafel.com\/wp-content\/uploads\/2019\/05\/projetos-1.jpg",1920,500,false],"custom-size":["https:\/\/somafel.com\/wp-content\/uploads\/2019\/05\/projetos-1-390x260.jpg",390,260,true]},"uagb_author_info":{"display_name":"Marketing Teixeira Duarte","author_link":"https:\/\/somafel.com\/fr\/author\/marketingtd\/"},"uagb_comment_info":0,"uagb_excerpt":"Plano Formativo SOMAFEL 2022 &#8211; 2023 &#13; Ce projet vise \u00e0 r\u00e9aliser les intentions strat\u00e9giques de Somafel, \u00e0 travers l\u2019ex\u00e9cution d\u2019un plan de formation qui permet l\u2019acquisition et l\u2019assouplissement des comp\u00e9tences techniques des employ\u00e9s dans des domaines critiques pour l\u2019entreprise, l\u2019optimisation du processus de production et l\u2019am\u00e9lioration du contr\u00f4le de la qualit\u00e9 du travail effectu\u00e9.\u2026","_links":{"self":[{"href":"https:\/\/somafel.com\/fr\/wp-json\/wp\/v2\/pages\/4537","targetHints":{"allow":["GET"]}}],"collection":[{"href":"https:\/\/somafel.com\/fr\/wp-json\/wp\/v2\/pages"}],"about":[{"href":"https:\/\/somafel.com\/fr\/wp-json\/wp\/v2\/types\/page"}],"author":[{"embeddable":true,"href":"https:\/\/somafel.com\/fr\/wp-json\/wp\/v2\/users\/3"}],"replies":[{"embeddable":true,"href":"https:\/\/somafel.com\/fr\/wp-json\/wp\/v2\/comments?post=4537"}],"version-history":[{"count":8,"href":"https:\/\/somafel.com\/fr\/wp-json\/wp\/v2\/pages\/4537\/revisions"}],"predecessor-version":[{"id":4668,"href":"https:\/\/somafel.com\/fr\/wp-json\/wp\/v2\/pages\/4537\/revisions\/4668"}],"wp:featuredmedia":[{"embeddable":true,"href":"https:\/\/somafel.com\/fr\/wp-json\/wp\/v2\/media\/3081"}],"wp:attachment":[{"href":"https:\/\/somafel.com\/fr\/wp-json\/wp\/v2\/media?parent=4537"}],"curies":[{"name":"wp","href":"https:\/\/api.w.org\/{rel}","templated":true}]}}