
{"id":4921,"date":"2024-09-20T15:56:21","date_gmt":"2024-09-20T15:56:21","guid":{"rendered":"https:\/\/somafel.com\/?post_type=projetos&#038;p=4921"},"modified":"2024-09-23T10:25:42","modified_gmt":"2024-09-23T10:25:42","slug":"modernisation-de-la-ligne-beira-alta-troncon-celorico-da-beira-guarda","status":"publish","type":"projetos","link":"https:\/\/somafel.com\/fr\/projetos\/modernisation-de-la-ligne-beira-alta-troncon-celorico-da-beira-guarda\/","title":{"rendered":"Modernisation de la ligne Beira Alta, Tron\u00e7on Celorico da Beira \u2013 Guarda"},"content":{"rendered":"\n<p><\/p>\n\n\n\n<h3 class=\"wp-block-heading\">D\u00e9tails du projet<\/h3>\n\n\n\n<p><\/p>\n\n\n\n<figure class=\"wp-block-table tables-news\"><table><tbody><tr><td>D\u00e9but des travaux<\/td><td>28\/07\/2021<\/td><\/tr><tr><td>Client<\/td><td>Infraestruturas de Portugal<\/td><\/tr><tr><td>Pays<\/td><td>Portugal<\/td><\/tr><tr><td>Lieu<\/td><td>Nord &#8211; ligne ferroviaire de Beira Alta<\/td><\/tr><\/tbody><\/table><\/figure>\n\n\n\n<p><\/p>\n\n\n\n<h3 class=\"wp-block-heading\">Description<\/h3>\n\n\n\n<p><\/p>\n\n\n\n<p>Le projet de modernisation de la ligne ferroviaire de Beira Alta entre Guarda et Vilar Formoso, fait partie integrante de l\u00b4Ouvage du Corridor International Nord, comme \u00e9tant un des projets prioritaire du plan Strat\u00e9gique des Transports et Infrastructures.<\/p>\n\n\n\n<p>Les travaux ont consist\u00e9 \u00e0 la modernisation de pr\u00e8s de 46km de voies ferr\u00e9es au niveau de l\u00b4actuel ligne ferroviaire de Beira Alta, tron\u00e7on entre Celorico da Beira et Guarda.<\/p>\n\n\n\n<p>Les travaux&nbsp; ex\u00e9cut\u00e9es par Somafel ont impliqu\u00e9:<\/p>\n\n\n\n<ul class=\"style-lists-news wp-block-list\">\n<li>La r\u00e9novation int\u00e9grale de la voie, avec correction du trac\u00e9, garantissant l\u00b4augmentation de la charge maximale remorqu\u00e9e et l\u00b4 interop\u00e9rabilit\u00e9 de la ligne;<\/li>\n\n\n\n<li>La reformulation du syst\u00e8me \u00e9lectrification et du syst\u00e8me de retour de traction et protection Terre (RCT + TP), occasion\u00e9 par la r\u00e9novation de la voie \u00e0 partir de la liaison existante.<\/li>\n<\/ul>\n\n\n\n<div style=\"height:22px\" aria-hidden=\"true\" class=\"wp-block-spacer\"><\/div>\n\n\n\n<figure class=\"wp-block-gallery has-nested-images columns-default is-cropped wp-block-gallery-1 is-layout-flex wp-block-gallery-is-layout-flex\">\n<figure class=\"wp-block-image size-full\"><img loading=\"lazy\" decoding=\"async\" width=\"1024\" height=\"576\" data-id=\"4964\" src=\"https:\/\/somafel.com\/wp-content\/uploads\/2024\/09\/DJI_20240611160643_0069_D_TD-baixa-1.jpg\" alt=\"\" class=\"wp-image-4964\" srcset=\"https:\/\/somafel.com\/wp-content\/uploads\/2024\/09\/DJI_20240611160643_0069_D_TD-baixa-1.jpg 1024w, https:\/\/somafel.com\/wp-content\/uploads\/2024\/09\/DJI_20240611160643_0069_D_TD-baixa-1-300x169.jpg 300w, https:\/\/somafel.com\/wp-content\/uploads\/2024\/09\/DJI_20240611160643_0069_D_TD-baixa-1-768x432.jpg 768w\" sizes=\"auto, (max-width: 1024px) 100vw, 1024px\" \/><\/figure>\n\n\n\n<figure class=\"wp-block-image size-full\"><img loading=\"lazy\" decoding=\"async\" width=\"1024\" height=\"576\" data-id=\"4968\" src=\"https:\/\/somafel.com\/wp-content\/uploads\/2024\/09\/DJI_20240611151901_0010_D_TD-baixa-1.jpg\" alt=\"\" class=\"wp-image-4968\" srcset=\"https:\/\/somafel.com\/wp-content\/uploads\/2024\/09\/DJI_20240611151901_0010_D_TD-baixa-1.jpg 1024w, https:\/\/somafel.com\/wp-content\/uploads\/2024\/09\/DJI_20240611151901_0010_D_TD-baixa-1-300x169.jpg 300w, https:\/\/somafel.com\/wp-content\/uploads\/2024\/09\/DJI_20240611151901_0010_D_TD-baixa-1-768x432.jpg 768w\" sizes=\"auto, (max-width: 1024px) 100vw, 1024px\" \/><\/figure>\n\n\n\n<figure class=\"wp-block-image size-full\"><img loading=\"lazy\" decoding=\"async\" width=\"1024\" height=\"576\" data-id=\"4972\" src=\"https:\/\/somafel.com\/wp-content\/uploads\/2024\/09\/DJI_20240524102245_0085_D_TD-baixa-1.jpg\" alt=\"\" class=\"wp-image-4972\" srcset=\"https:\/\/somafel.com\/wp-content\/uploads\/2024\/09\/DJI_20240524102245_0085_D_TD-baixa-1.jpg 1024w, https:\/\/somafel.com\/wp-content\/uploads\/2024\/09\/DJI_20240524102245_0085_D_TD-baixa-1-300x169.jpg 300w, https:\/\/somafel.com\/wp-content\/uploads\/2024\/09\/DJI_20240524102245_0085_D_TD-baixa-1-768x432.jpg 768w\" sizes=\"auto, (max-width: 1024px) 100vw, 1024px\" \/><\/figure>\n\n\n\n<figure class=\"wp-block-image size-full\"><img loading=\"lazy\" decoding=\"async\" width=\"1024\" height=\"576\" data-id=\"4976\" src=\"https:\/\/somafel.com\/wp-content\/uploads\/2024\/09\/DJI_0399-baixa-1.jpg\" alt=\"\" class=\"wp-image-4976\" srcset=\"https:\/\/somafel.com\/wp-content\/uploads\/2024\/09\/DJI_0399-baixa-1.jpg 1024w, https:\/\/somafel.com\/wp-content\/uploads\/2024\/09\/DJI_0399-baixa-1-300x169.jpg 300w, https:\/\/somafel.com\/wp-content\/uploads\/2024\/09\/DJI_0399-baixa-1-768x432.jpg 768w\" sizes=\"auto, (max-width: 1024px) 100vw, 1024px\" \/><\/figure>\n<\/figure>\n","protected":false},"featured_media":4959,"template":"","class_list":["post-4921","projetos","type-projetos","status-publish","has-post-thumbnail","hentry"],"acf":[],"yoast_head":"<!-- This site is optimized with the Yoast SEO plugin v26.8 - https:\/\/yoast.com\/product\/yoast-seo-wordpress\/ -->\n<title>Modernisation de la ligne Beira Alta, Tron\u00e7on Celorico da Beira \u2013 Guarda - SOMAFEL<\/title>\n<meta name=\"robots\" content=\"index, follow, max-snippet:-1, max-image-preview:large, max-video-preview:-1\" \/>\n<link rel=\"canonical\" href=\"https:\/\/somafel.com\/fr\/projetos\/modernisation-de-la-ligne-beira-alta-troncon-celorico-da-beira-guarda\/\" \/>\n<meta property=\"og:locale\" content=\"fr_FR\" \/>\n<meta property=\"og:type\" content=\"article\" \/>\n<meta property=\"og:title\" content=\"Modernisation de la ligne Beira Alta, Tron\u00e7on Celorico da Beira \u2013 Guarda - SOMAFEL\" \/>\n<meta property=\"og:description\" content=\"D\u00e9tails du projet D\u00e9but des travaux 28\/07\/2021 Client Infraestruturas de Portugal Pays Portugal Lieu Nord &#8211; ligne ferroviaire de Beira Alta Description Le projet de modernisation de la ligne ferroviaire de Beira Alta entre Guarda et Vilar Formoso, fait partie integrante de l\u00b4Ouvage du Corridor International Nord, comme \u00e9tant un des projets prioritaire du plan [&hellip;]\" \/>\n<meta property=\"og:url\" content=\"https:\/\/somafel.com\/fr\/projetos\/modernisation-de-la-ligne-beira-alta-troncon-celorico-da-beira-guarda\/\" \/>\n<meta property=\"og:site_name\" content=\"SOMAFEL\" \/>\n<meta property=\"article:modified_time\" content=\"2024-09-23T10:25:42+00:00\" \/>\n<meta property=\"og:image\" content=\"https:\/\/somafel.com\/wp-content\/uploads\/2024\/09\/cover-1.jpg\" \/>\n\t<meta property=\"og:image:width\" content=\"1920\" \/>\n\t<meta property=\"og:image:height\" content=\"500\" \/>\n\t<meta property=\"og:image:type\" content=\"image\/jpeg\" \/>\n<meta name=\"twitter:card\" content=\"summary_large_image\" \/>\n<meta name=\"twitter:label1\" content=\"Dur\u00e9e de lecture estim\u00e9e\" \/>\n\t<meta name=\"twitter:data1\" content=\"1 minute\" \/>\n<script type=\"application\/ld+json\" class=\"yoast-schema-graph\">{\"@context\":\"https:\/\/schema.org\",\"@graph\":[{\"@type\":\"WebPage\",\"@id\":\"https:\/\/somafel.com\/fr\/projetos\/modernisation-de-la-ligne-beira-alta-troncon-celorico-da-beira-guarda\/\",\"url\":\"https:\/\/somafel.com\/fr\/projetos\/modernisation-de-la-ligne-beira-alta-troncon-celorico-da-beira-guarda\/\",\"name\":\"Modernisation de la ligne Beira Alta, Tron\u00e7on Celorico da Beira \u2013 Guarda - SOMAFEL\",\"isPartOf\":{\"@id\":\"https:\/\/somafel.com\/fr\/#website\"},\"primaryImageOfPage\":{\"@id\":\"https:\/\/somafel.com\/fr\/projetos\/modernisation-de-la-ligne-beira-alta-troncon-celorico-da-beira-guarda\/#primaryimage\"},\"image\":{\"@id\":\"https:\/\/somafel.com\/fr\/projetos\/modernisation-de-la-ligne-beira-alta-troncon-celorico-da-beira-guarda\/#primaryimage\"},\"thumbnailUrl\":\"https:\/\/somafel.com\/wp-content\/uploads\/2024\/09\/cover-1.jpg\",\"datePublished\":\"2024-09-20T15:56:21+00:00\",\"dateModified\":\"2024-09-23T10:25:42+00:00\",\"breadcrumb\":{\"@id\":\"https:\/\/somafel.com\/fr\/projetos\/modernisation-de-la-ligne-beira-alta-troncon-celorico-da-beira-guarda\/#breadcrumb\"},\"inLanguage\":\"fr-FR\",\"potentialAction\":[{\"@type\":\"ReadAction\",\"target\":[\"https:\/\/somafel.com\/fr\/projetos\/modernisation-de-la-ligne-beira-alta-troncon-celorico-da-beira-guarda\/\"]}]},{\"@type\":\"ImageObject\",\"inLanguage\":\"fr-FR\",\"@id\":\"https:\/\/somafel.com\/fr\/projetos\/modernisation-de-la-ligne-beira-alta-troncon-celorico-da-beira-guarda\/#primaryimage\",\"url\":\"https:\/\/somafel.com\/wp-content\/uploads\/2024\/09\/cover-1.jpg\",\"contentUrl\":\"https:\/\/somafel.com\/wp-content\/uploads\/2024\/09\/cover-1.jpg\",\"width\":1920,\"height\":500},{\"@type\":\"BreadcrumbList\",\"@id\":\"https:\/\/somafel.com\/fr\/projetos\/modernisation-de-la-ligne-beira-alta-troncon-celorico-da-beira-guarda\/#breadcrumb\",\"itemListElement\":[{\"@type\":\"ListItem\",\"position\":1,\"name\":\"In\u00edcio\",\"item\":\"https:\/\/somafel.com\/fr\/\"},{\"@type\":\"ListItem\",\"position\":2,\"name\":\"Projetos\",\"item\":\"https:\/\/somafel.com\/fr\/projetos\/\"},{\"@type\":\"ListItem\",\"position\":3,\"name\":\"Modernisation de la ligne Beira Alta, Tron\u00e7on Celorico da Beira \u2013 Guarda\"}]},{\"@type\":\"WebSite\",\"@id\":\"https:\/\/somafel.com\/fr\/#website\",\"url\":\"https:\/\/somafel.com\/fr\/\",\"name\":\"SOMAFEL\",\"description\":\"Railway Works Experts\",\"potentialAction\":[{\"@type\":\"SearchAction\",\"target\":{\"@type\":\"EntryPoint\",\"urlTemplate\":\"https:\/\/somafel.com\/fr\/?s={search_term_string}\"},\"query-input\":{\"@type\":\"PropertyValueSpecification\",\"valueRequired\":true,\"valueName\":\"search_term_string\"}}],\"inLanguage\":\"fr-FR\"}]}<\/script>\n<!-- \/ Yoast SEO plugin. -->","yoast_head_json":{"title":"Modernisation de la ligne Beira Alta, Tron\u00e7on Celorico da Beira \u2013 Guarda - SOMAFEL","robots":{"index":"index","follow":"follow","max-snippet":"max-snippet:-1","max-image-preview":"max-image-preview:large","max-video-preview":"max-video-preview:-1"},"canonical":"https:\/\/somafel.com\/fr\/projetos\/modernisation-de-la-ligne-beira-alta-troncon-celorico-da-beira-guarda\/","og_locale":"fr_FR","og_type":"article","og_title":"Modernisation de la ligne Beira Alta, Tron\u00e7on Celorico da Beira \u2013 Guarda - SOMAFEL","og_description":"D\u00e9tails du projet D\u00e9but des travaux 28\/07\/2021 Client Infraestruturas de Portugal Pays Portugal Lieu Nord &#8211; ligne ferroviaire de Beira Alta Description Le projet de modernisation de la ligne ferroviaire de Beira Alta entre Guarda et Vilar Formoso, fait partie integrante de l\u00b4Ouvage du Corridor International Nord, comme \u00e9tant un des projets prioritaire du plan [&hellip;]","og_url":"https:\/\/somafel.com\/fr\/projetos\/modernisation-de-la-ligne-beira-alta-troncon-celorico-da-beira-guarda\/","og_site_name":"SOMAFEL","article_modified_time":"2024-09-23T10:25:42+00:00","og_image":[{"width":1920,"height":500,"url":"https:\/\/somafel.com\/wp-content\/uploads\/2024\/09\/cover-1.jpg","type":"image\/jpeg"}],"twitter_card":"summary_large_image","twitter_misc":{"Dur\u00e9e de lecture estim\u00e9e":"1 minute"},"schema":{"@context":"https:\/\/schema.org","@graph":[{"@type":"WebPage","@id":"https:\/\/somafel.com\/fr\/projetos\/modernisation-de-la-ligne-beira-alta-troncon-celorico-da-beira-guarda\/","url":"https:\/\/somafel.com\/fr\/projetos\/modernisation-de-la-ligne-beira-alta-troncon-celorico-da-beira-guarda\/","name":"Modernisation de la ligne Beira Alta, Tron\u00e7on Celorico da Beira \u2013 Guarda - SOMAFEL","isPartOf":{"@id":"https:\/\/somafel.com\/fr\/#website"},"primaryImageOfPage":{"@id":"https:\/\/somafel.com\/fr\/projetos\/modernisation-de-la-ligne-beira-alta-troncon-celorico-da-beira-guarda\/#primaryimage"},"image":{"@id":"https:\/\/somafel.com\/fr\/projetos\/modernisation-de-la-ligne-beira-alta-troncon-celorico-da-beira-guarda\/#primaryimage"},"thumbnailUrl":"https:\/\/somafel.com\/wp-content\/uploads\/2024\/09\/cover-1.jpg","datePublished":"2024-09-20T15:56:21+00:00","dateModified":"2024-09-23T10:25:42+00:00","breadcrumb":{"@id":"https:\/\/somafel.com\/fr\/projetos\/modernisation-de-la-ligne-beira-alta-troncon-celorico-da-beira-guarda\/#breadcrumb"},"inLanguage":"fr-FR","potentialAction":[{"@type":"ReadAction","target":["https:\/\/somafel.com\/fr\/projetos\/modernisation-de-la-ligne-beira-alta-troncon-celorico-da-beira-guarda\/"]}]},{"@type":"ImageObject","inLanguage":"fr-FR","@id":"https:\/\/somafel.com\/fr\/projetos\/modernisation-de-la-ligne-beira-alta-troncon-celorico-da-beira-guarda\/#primaryimage","url":"https:\/\/somafel.com\/wp-content\/uploads\/2024\/09\/cover-1.jpg","contentUrl":"https:\/\/somafel.com\/wp-content\/uploads\/2024\/09\/cover-1.jpg","width":1920,"height":500},{"@type":"BreadcrumbList","@id":"https:\/\/somafel.com\/fr\/projetos\/modernisation-de-la-ligne-beira-alta-troncon-celorico-da-beira-guarda\/#breadcrumb","itemListElement":[{"@type":"ListItem","position":1,"name":"In\u00edcio","item":"https:\/\/somafel.com\/fr\/"},{"@type":"ListItem","position":2,"name":"Projetos","item":"https:\/\/somafel.com\/fr\/projetos\/"},{"@type":"ListItem","position":3,"name":"Modernisation de la ligne Beira Alta, Tron\u00e7on Celorico da Beira \u2013 Guarda"}]},{"@type":"WebSite","@id":"https:\/\/somafel.com\/fr\/#website","url":"https:\/\/somafel.com\/fr\/","name":"SOMAFEL","description":"Railway Works Experts","potentialAction":[{"@type":"SearchAction","target":{"@type":"EntryPoint","urlTemplate":"https:\/\/somafel.com\/fr\/?s={search_term_string}"},"query-input":{"@type":"PropertyValueSpecification","valueRequired":true,"valueName":"search_term_string"}}],"inLanguage":"fr-FR"}]}},"uagb_featured_image_src":{"full":["https:\/\/somafel.com\/wp-content\/uploads\/2024\/09\/cover-1.jpg",1920,500,false],"thumbnail":["https:\/\/somafel.com\/wp-content\/uploads\/2024\/09\/cover-1-150x150.jpg",150,150,true],"medium":["https:\/\/somafel.com\/wp-content\/uploads\/2024\/09\/cover-1-300x78.jpg",300,78,true],"medium_large":["https:\/\/somafel.com\/wp-content\/uploads\/2024\/09\/cover-1-768x200.jpg",768,200,true],"large":["https:\/\/somafel.com\/wp-content\/uploads\/2024\/09\/cover-1-1024x267.jpg",1024,267,true],"1536x1536":["https:\/\/somafel.com\/wp-content\/uploads\/2024\/09\/cover-1-1536x400.jpg",1536,400,true],"2048x2048":["https:\/\/somafel.com\/wp-content\/uploads\/2024\/09\/cover-1.jpg",1920,500,false],"custom-size":["https:\/\/somafel.com\/wp-content\/uploads\/2024\/09\/cover-1-390x260.jpg",390,260,true]},"uagb_author_info":{"display_name":"Marketing Teixeira Duarte","author_link":"https:\/\/somafel.com\/fr\/author\/"},"uagb_comment_info":0,"uagb_excerpt":"D\u00e9tails du projet D\u00e9but des travaux 28\/07\/2021 Client Infraestruturas de Portugal Pays Portugal Lieu Nord &#8211; ligne ferroviaire de Beira Alta Description Le projet de modernisation de la ligne ferroviaire de Beira Alta entre Guarda et Vilar Formoso, fait partie integrante de l\u00b4Ouvage du Corridor International Nord, comme \u00e9tant un des projets prioritaire du plan\u2026","_links":{"self":[{"href":"https:\/\/somafel.com\/fr\/wp-json\/wp\/v2\/projetos\/4921","targetHints":{"allow":["GET"]}}],"collection":[{"href":"https:\/\/somafel.com\/fr\/wp-json\/wp\/v2\/projetos"}],"about":[{"href":"https:\/\/somafel.com\/fr\/wp-json\/wp\/v2\/types\/projetos"}],"wp:featuredmedia":[{"embeddable":true,"href":"https:\/\/somafel.com\/fr\/wp-json\/wp\/v2\/media\/4959"}],"wp:attachment":[{"href":"https:\/\/somafel.com\/fr\/wp-json\/wp\/v2\/media?parent=4921"}],"curies":[{"name":"wp","href":"https:\/\/api.w.org\/{rel}","templated":true}]}}