
{"id":3265,"date":"2019-05-27T19:09:16","date_gmt":"2019-05-27T19:09:16","guid":{"rendered":"https:\/\/somafel.com\/projetos\/funicular-de-viseu\/"},"modified":"2019-05-28T13:15:30","modified_gmt":"2019-05-28T13:15:30","slug":"funicular-de-viseu","status":"publish","type":"projetos","link":"https:\/\/somafel.com\/pt-br\/projetos\/funicular-de-viseu\/","title":{"rendered":"Funicular de Viseu"},"content":{"rendered":"\n<section class=\"wp-block-uagb-section uagb-section__wrap uagb-section__background-undefined\" id=\"uagb-section-4bfa5f36-951c-4229-850e-a398756cb7d0\"><div class=\"uagb-section__overlay\"><\/div><div class=\"uagb-section__inner-wrap\">\n<h2 class=\"wp-block-heading\"><strong>Detalhes do projeto<\/strong><\/h2>\n\n\n\n<table class=\"wp-block-table\"><tbody><tr><td>Data de in\u00edcio&nbsp;<\/td><td>Novembro de 2008&nbsp;<\/td><\/tr><tr><td>Data de conclus\u00e3o&nbsp;<\/td><td>Dezembro de 2008&nbsp;<\/td><\/tr><tr><td>Cliente&nbsp;<\/td><td>Lifetech \/ &#8220;P\u00f3lis Viseu&#8221;&nbsp;<\/td><\/tr><tr><td>Pa\u00eds&nbsp;<\/td><td>Portugal<\/td><\/tr><tr><td>Local&nbsp;<\/td><td>Viseu<\/td><\/tr><tr><td>Estado do Projeto&nbsp;<\/td><td>Conclu\u00eddo&nbsp;<\/td><\/tr><\/tbody><\/table>\n<\/div><\/section>\n\n\n\n<section class=\"wp-block-uagb-section uagb-section__wrap uagb-section__background-undefined\" id=\"uagb-section-14d1b778-8956-4404-8a65-88e910c3f40f\"><div class=\"uagb-section__overlay\"><\/div><div class=\"uagb-section__inner-wrap\">\n<h2 class=\"wp-block-heading\"><strong>Objetivos do projeto<\/strong><\/h2>\n\n\n\n<p>1. Instala\u00e7\u00e3o de 418 metros de via-f\u00e9rrea\n2. Montagem de 2 aparelhos de mudan\u00e7a de via<\/p>\n<\/div><\/section>\n\n\n\n<h2 class=\"wp-block-heading\"><strong>Descri\u00e7\u00e3o<\/strong><\/h2>\n\n\n\n<p>O projeto Funicular de Viseu consistiu na cria\u00e7\u00e3o de um meio de transporte por cabo etrilhos, de tra\u00e7\u00e3o el\u00e9trica, situado no centro da cidade de Viseu, fazendo a liga\u00e7\u00e3o do recinto da Feira de S\u00e3o Mateus \u00e0 S\u00e9.<\/p>\n\n\n\n<ul class=\"wp-block-gallery columns-1 is-cropped wp-block-gallery-1 is-layout-flex wp-block-gallery-is-layout-flex\"><li class=\"blocks-gallery-item\"><figure><img loading=\"lazy\" decoding=\"async\" width=\"768\" height=\"1024\" src=\"https:\/\/somafel.com\/wp-content\/uploads\/2019\/05\/FunViseu-768x1024.jpg\" alt=\"\" data-id=\"1942\" data-link=\"https:\/\/somafel.com\/projetos\/funicular-de-viseu\/funviseu\/\" class=\"wp-image-1942\" srcset=\"https:\/\/somafel.com\/wp-content\/uploads\/2019\/05\/FunViseu-768x1024.jpg 768w, https:\/\/somafel.com\/wp-content\/uploads\/2019\/05\/FunViseu-300x400.jpg 300w, https:\/\/somafel.com\/wp-content\/uploads\/2019\/05\/FunViseu.jpg 810w\" sizes=\"auto, (max-width: 768px) 100vw, 768px\" \/><\/figure><\/li><\/ul>\n","protected":false},"featured_media":3010,"template":"","class_list":["post-3265","projetos","type-projetos","status-publish","has-post-thumbnail","hentry"],"acf":[],"yoast_head":"<!-- This site is optimized with the Yoast SEO plugin v26.8 - https:\/\/yoast.com\/product\/yoast-seo-wordpress\/ -->\n<title>SOMAFEL - Funicular de Viseu<\/title>\n<meta name=\"description\" content=\"Constru\u00e7\u00e3o do Funicular de Viseu para liga\u00e7\u00e3o do recinto da Feira de S\u00e3o Mateus \u00e0 S\u00e9.\" \/>\n<meta name=\"robots\" content=\"index, follow, max-snippet:-1, max-image-preview:large, max-video-preview:-1\" \/>\n<link rel=\"canonical\" href=\"https:\/\/somafel.com\/pt-br\/projetos\/funicular-de-viseu\/\" \/>\n<meta property=\"og:locale\" content=\"pt_BR\" \/>\n<meta property=\"og:type\" content=\"article\" \/>\n<meta property=\"og:title\" content=\"SOMAFEL - Funicular de Viseu\" \/>\n<meta property=\"og:description\" content=\"Constru\u00e7\u00e3o do Funicular de Viseu para liga\u00e7\u00e3o do recinto da Feira de S\u00e3o Mateus \u00e0 S\u00e9.\" \/>\n<meta property=\"og:url\" content=\"https:\/\/somafel.com\/pt-br\/projetos\/funicular-de-viseu\/\" \/>\n<meta property=\"og:site_name\" content=\"SOMAFEL\" \/>\n<meta property=\"article:modified_time\" content=\"2019-05-28T13:15:30+00:00\" \/>\n<meta property=\"og:image\" content=\"https:\/\/somafel.com\/wp-content\/uploads\/2019\/05\/funicular-viseu.jpg\" \/>\n\t<meta property=\"og:image:width\" content=\"1920\" \/>\n\t<meta property=\"og:image:height\" content=\"500\" \/>\n\t<meta property=\"og:image:type\" content=\"image\/jpeg\" \/>\n<meta name=\"twitter:card\" content=\"summary_large_image\" \/>\n<meta name=\"twitter:label1\" content=\"Est. tempo de leitura\" \/>\n\t<meta name=\"twitter:data1\" content=\"1 minuto\" \/>\n<script type=\"application\/ld+json\" class=\"yoast-schema-graph\">{\"@context\":\"https:\/\/schema.org\",\"@graph\":[{\"@type\":\"WebPage\",\"@id\":\"https:\/\/somafel.com\/pt-br\/projetos\/funicular-de-viseu\/\",\"url\":\"https:\/\/somafel.com\/pt-br\/projetos\/funicular-de-viseu\/\",\"name\":\"SOMAFEL - Funicular de Viseu\",\"isPartOf\":{\"@id\":\"https:\/\/somafel.com\/pt-br\/#website\"},\"primaryImageOfPage\":{\"@id\":\"https:\/\/somafel.com\/pt-br\/projetos\/funicular-de-viseu\/#primaryimage\"},\"image\":{\"@id\":\"https:\/\/somafel.com\/pt-br\/projetos\/funicular-de-viseu\/#primaryimage\"},\"thumbnailUrl\":\"https:\/\/somafel.com\/wp-content\/uploads\/2019\/05\/funicular-viseu.jpg\",\"datePublished\":\"2019-05-27T19:09:16+00:00\",\"dateModified\":\"2019-05-28T13:15:30+00:00\",\"description\":\"Constru\u00e7\u00e3o do Funicular de Viseu para liga\u00e7\u00e3o do recinto da Feira de S\u00e3o Mateus \u00e0 S\u00e9.\",\"breadcrumb\":{\"@id\":\"https:\/\/somafel.com\/pt-br\/projetos\/funicular-de-viseu\/#breadcrumb\"},\"inLanguage\":\"pt-BR\",\"potentialAction\":[{\"@type\":\"ReadAction\",\"target\":[\"https:\/\/somafel.com\/pt-br\/projetos\/funicular-de-viseu\/\"]}]},{\"@type\":\"ImageObject\",\"inLanguage\":\"pt-BR\",\"@id\":\"https:\/\/somafel.com\/pt-br\/projetos\/funicular-de-viseu\/#primaryimage\",\"url\":\"https:\/\/somafel.com\/wp-content\/uploads\/2019\/05\/funicular-viseu.jpg\",\"contentUrl\":\"https:\/\/somafel.com\/wp-content\/uploads\/2019\/05\/funicular-viseu.jpg\",\"width\":1920,\"height\":500},{\"@type\":\"BreadcrumbList\",\"@id\":\"https:\/\/somafel.com\/pt-br\/projetos\/funicular-de-viseu\/#breadcrumb\",\"itemListElement\":[{\"@type\":\"ListItem\",\"position\":1,\"name\":\"In\u00edcio\",\"item\":\"https:\/\/somafel.com\/pt-br\/\"},{\"@type\":\"ListItem\",\"position\":2,\"name\":\"Projetos\",\"item\":\"https:\/\/somafel.com\/pt-br\/projetos\/\"},{\"@type\":\"ListItem\",\"position\":3,\"name\":\"Funicular de Viseu\"}]},{\"@type\":\"WebSite\",\"@id\":\"https:\/\/somafel.com\/pt-br\/#website\",\"url\":\"https:\/\/somafel.com\/pt-br\/\",\"name\":\"SOMAFEL\",\"description\":\"Railway Works Experts\",\"potentialAction\":[{\"@type\":\"SearchAction\",\"target\":{\"@type\":\"EntryPoint\",\"urlTemplate\":\"https:\/\/somafel.com\/pt-br\/?s={search_term_string}\"},\"query-input\":{\"@type\":\"PropertyValueSpecification\",\"valueRequired\":true,\"valueName\":\"search_term_string\"}}],\"inLanguage\":\"pt-BR\"}]}<\/script>\n<!-- \/ Yoast SEO plugin. -->","yoast_head_json":{"title":"SOMAFEL - Funicular de Viseu","description":"Constru\u00e7\u00e3o do Funicular de Viseu para liga\u00e7\u00e3o do recinto da Feira de S\u00e3o Mateus \u00e0 S\u00e9.","robots":{"index":"index","follow":"follow","max-snippet":"max-snippet:-1","max-image-preview":"max-image-preview:large","max-video-preview":"max-video-preview:-1"},"canonical":"https:\/\/somafel.com\/pt-br\/projetos\/funicular-de-viseu\/","og_locale":"pt_BR","og_type":"article","og_title":"SOMAFEL - Funicular de Viseu","og_description":"Constru\u00e7\u00e3o do Funicular de Viseu para liga\u00e7\u00e3o do recinto da Feira de S\u00e3o Mateus \u00e0 S\u00e9.","og_url":"https:\/\/somafel.com\/pt-br\/projetos\/funicular-de-viseu\/","og_site_name":"SOMAFEL","article_modified_time":"2019-05-28T13:15:30+00:00","og_image":[{"width":1920,"height":500,"url":"https:\/\/somafel.com\/wp-content\/uploads\/2019\/05\/funicular-viseu.jpg","type":"image\/jpeg"}],"twitter_card":"summary_large_image","twitter_misc":{"Est. tempo de leitura":"1 minuto"},"schema":{"@context":"https:\/\/schema.org","@graph":[{"@type":"WebPage","@id":"https:\/\/somafel.com\/pt-br\/projetos\/funicular-de-viseu\/","url":"https:\/\/somafel.com\/pt-br\/projetos\/funicular-de-viseu\/","name":"SOMAFEL - Funicular de Viseu","isPartOf":{"@id":"https:\/\/somafel.com\/pt-br\/#website"},"primaryImageOfPage":{"@id":"https:\/\/somafel.com\/pt-br\/projetos\/funicular-de-viseu\/#primaryimage"},"image":{"@id":"https:\/\/somafel.com\/pt-br\/projetos\/funicular-de-viseu\/#primaryimage"},"thumbnailUrl":"https:\/\/somafel.com\/wp-content\/uploads\/2019\/05\/funicular-viseu.jpg","datePublished":"2019-05-27T19:09:16+00:00","dateModified":"2019-05-28T13:15:30+00:00","description":"Constru\u00e7\u00e3o do Funicular de Viseu para liga\u00e7\u00e3o do recinto da Feira de S\u00e3o Mateus \u00e0 S\u00e9.","breadcrumb":{"@id":"https:\/\/somafel.com\/pt-br\/projetos\/funicular-de-viseu\/#breadcrumb"},"inLanguage":"pt-BR","potentialAction":[{"@type":"ReadAction","target":["https:\/\/somafel.com\/pt-br\/projetos\/funicular-de-viseu\/"]}]},{"@type":"ImageObject","inLanguage":"pt-BR","@id":"https:\/\/somafel.com\/pt-br\/projetos\/funicular-de-viseu\/#primaryimage","url":"https:\/\/somafel.com\/wp-content\/uploads\/2019\/05\/funicular-viseu.jpg","contentUrl":"https:\/\/somafel.com\/wp-content\/uploads\/2019\/05\/funicular-viseu.jpg","width":1920,"height":500},{"@type":"BreadcrumbList","@id":"https:\/\/somafel.com\/pt-br\/projetos\/funicular-de-viseu\/#breadcrumb","itemListElement":[{"@type":"ListItem","position":1,"name":"In\u00edcio","item":"https:\/\/somafel.com\/pt-br\/"},{"@type":"ListItem","position":2,"name":"Projetos","item":"https:\/\/somafel.com\/pt-br\/projetos\/"},{"@type":"ListItem","position":3,"name":"Funicular de Viseu"}]},{"@type":"WebSite","@id":"https:\/\/somafel.com\/pt-br\/#website","url":"https:\/\/somafel.com\/pt-br\/","name":"SOMAFEL","description":"Railway Works Experts","potentialAction":[{"@type":"SearchAction","target":{"@type":"EntryPoint","urlTemplate":"https:\/\/somafel.com\/pt-br\/?s={search_term_string}"},"query-input":{"@type":"PropertyValueSpecification","valueRequired":true,"valueName":"search_term_string"}}],"inLanguage":"pt-BR"}]}},"uagb_featured_image_src":{"full":["https:\/\/somafel.com\/wp-content\/uploads\/2019\/05\/funicular-viseu.jpg",1920,500,false],"thumbnail":["https:\/\/somafel.com\/wp-content\/uploads\/2019\/05\/funicular-viseu-150x150.jpg",150,150,true],"medium":["https:\/\/somafel.com\/wp-content\/uploads\/2019\/05\/funicular-viseu-300x78.jpg",300,78,true],"medium_large":["https:\/\/somafel.com\/wp-content\/uploads\/2019\/05\/funicular-viseu-768x200.jpg",768,200,true],"large":["https:\/\/somafel.com\/wp-content\/uploads\/2019\/05\/funicular-viseu-1024x267.jpg",1024,267,true],"1536x1536":["https:\/\/somafel.com\/wp-content\/uploads\/2019\/05\/funicular-viseu.jpg",1536,400,false],"2048x2048":["https:\/\/somafel.com\/wp-content\/uploads\/2019\/05\/funicular-viseu.jpg",1920,500,false],"custom-size":["https:\/\/somafel.com\/wp-content\/uploads\/2019\/05\/funicular-viseu-390x260.jpg",390,260,true]},"uagb_author_info":{"display_name":"","author_link":"https:\/\/somafel.com\/pt-br\/author\/"},"uagb_comment_info":0,"uagb_excerpt":"Descri\u00e7\u00e3o O projeto Funicular de Viseu consistiu na cria\u00e7\u00e3o de um meio de transporte por cabo etrilhos, de tra\u00e7\u00e3o el\u00e9trica, situado no centro da cidade de Viseu, fazendo a liga\u00e7\u00e3o do recinto da Feira de S\u00e3o Mateus \u00e0 S\u00e9.","_links":{"self":[{"href":"https:\/\/somafel.com\/pt-br\/wp-json\/wp\/v2\/projetos\/3265","targetHints":{"allow":["GET"]}}],"collection":[{"href":"https:\/\/somafel.com\/pt-br\/wp-json\/wp\/v2\/projetos"}],"about":[{"href":"https:\/\/somafel.com\/pt-br\/wp-json\/wp\/v2\/types\/projetos"}],"wp:featuredmedia":[{"embeddable":true,"href":"https:\/\/somafel.com\/pt-br\/wp-json\/wp\/v2\/media\/3010"}],"wp:attachment":[{"href":"https:\/\/somafel.com\/pt-br\/wp-json\/wp\/v2\/media?parent=3265"}],"curies":[{"name":"wp","href":"https:\/\/api.w.org\/{rel}","templated":true}]}}