
{"id":4922,"date":"2024-09-20T15:59:17","date_gmt":"2024-09-20T15:59:17","guid":{"rendered":"https:\/\/somafel.com\/?post_type=projetos&#038;p=4922"},"modified":"2024-09-23T10:24:43","modified_gmt":"2024-09-23T10:24:43","slug":"modernizacao-da-linha-da-beira-alta-troco-celorico-da-beira-guarda","status":"publish","type":"projetos","link":"https:\/\/somafel.com\/pt-br\/projetos\/modernizacao-da-linha-da-beira-alta-troco-celorico-da-beira-guarda\/","title":{"rendered":"Moderniza\u00e7\u00e3o da Linha da Beira Alta, Tro\u00e7o Celorico da Beira \u2013 Guarda"},"content":{"rendered":"\n<p><\/p>\n\n\n\n<h3 class=\"wp-block-heading\">Detalhes do Projeto<\/h3>\n\n\n\n<p><\/p>\n\n\n\n<figure class=\"wp-block-table tables-news\"><table><tbody><tr><td>Data de inicio&nbsp;<\/td><td>28\/07\/2021<\/td><\/tr><tr><td>Cliente&nbsp;<\/td><td>Infraestruturas de Portugal<\/td><\/tr><tr><td>Pa\u00eds&nbsp;<\/td><td>Portugal<\/td><\/tr><tr><td>Local&nbsp;<\/td><td>Norte \u2013 Linha da Beira Alta<\/td><\/tr><\/tbody><\/table><\/figure>\n\n\n\n<p><\/p>\n\n\n\n<h3 class=\"wp-block-heading\">Descri\u00e7\u00e3o<\/h3>\n\n\n\n<p><\/p>\n\n\n\n<p>Inserida no projeto de moderniza\u00e7\u00e3o da Linha Ferrovi\u00e1ria da Beira Alta entre Guarda e Vilar Formoso, a presente empreitada faz parte integrante do Corredor Internacional Norte, sendo um dos projetos priorit\u00e1rios do Plano Estrat\u00e9gico dos Transportes e Infraestruturas.<\/p>\n\n\n\n<p>A empreitada consistiu na moderniza\u00e7\u00e3o de cerca de 46 km de via f\u00e9rrea sobre o atual do canal a Linha da Beira Alta, tro\u00e7o entre Celorico da Beira e Guarda.<\/p>\n\n\n\n<p>Os trabalhos desenvolvidos pela Somafel implicaram:<\/p>\n\n\n\n<ul class=\"style-lists-news wp-block-list\">\n<li>Renova\u00e7\u00e3o integral de via, com corre\u00e7\u00f5es de tra\u00e7ado, garantindo o aumento da carga m\u00e1xima rebocada e a interoperabilidade da linha;<\/li>\n\n\n\n<li>Reformula\u00e7\u00e3o do sistema de eletrifica\u00e7\u00e3o e do sistema de retorno de tra\u00e7\u00e3o e terras de prote\u00e7\u00e3o (RCT+TP), motivadas pela renova\u00e7\u00e3o da via sobre o canal existente.<\/li>\n<\/ul>\n\n\n\n<div style=\"height:22px\" aria-hidden=\"true\" class=\"wp-block-spacer\"><\/div>\n\n\n\n<figure class=\"wp-block-gallery has-nested-images columns-default is-cropped wp-block-gallery-1 is-layout-flex wp-block-gallery-is-layout-flex\">\n<figure class=\"wp-block-image size-full\"><img loading=\"lazy\" decoding=\"async\" width=\"1024\" height=\"576\" data-id=\"4965\" src=\"https:\/\/somafel.com\/wp-content\/uploads\/2024\/09\/DJI_20240611160643_0069_D_TD-baixa-1.jpg\" alt=\"\" class=\"wp-image-4965\" srcset=\"https:\/\/somafel.com\/wp-content\/uploads\/2024\/09\/DJI_20240611160643_0069_D_TD-baixa-1.jpg 1024w, https:\/\/somafel.com\/wp-content\/uploads\/2024\/09\/DJI_20240611160643_0069_D_TD-baixa-1-300x169.jpg 300w, https:\/\/somafel.com\/wp-content\/uploads\/2024\/09\/DJI_20240611160643_0069_D_TD-baixa-1-768x432.jpg 768w\" sizes=\"auto, (max-width: 1024px) 100vw, 1024px\" \/><\/figure>\n\n\n\n<figure class=\"wp-block-image size-full\"><img loading=\"lazy\" decoding=\"async\" width=\"1024\" height=\"576\" data-id=\"4969\" src=\"https:\/\/somafel.com\/wp-content\/uploads\/2024\/09\/DJI_20240611151901_0010_D_TD-baixa-1.jpg\" alt=\"\" class=\"wp-image-4969\" srcset=\"https:\/\/somafel.com\/wp-content\/uploads\/2024\/09\/DJI_20240611151901_0010_D_TD-baixa-1.jpg 1024w, https:\/\/somafel.com\/wp-content\/uploads\/2024\/09\/DJI_20240611151901_0010_D_TD-baixa-1-300x169.jpg 300w, https:\/\/somafel.com\/wp-content\/uploads\/2024\/09\/DJI_20240611151901_0010_D_TD-baixa-1-768x432.jpg 768w\" sizes=\"auto, (max-width: 1024px) 100vw, 1024px\" \/><\/figure>\n\n\n\n<figure class=\"wp-block-image size-full\"><img loading=\"lazy\" decoding=\"async\" width=\"1024\" height=\"576\" data-id=\"4973\" src=\"https:\/\/somafel.com\/wp-content\/uploads\/2024\/09\/DJI_20240524102245_0085_D_TD-baixa-1.jpg\" alt=\"\" class=\"wp-image-4973\" srcset=\"https:\/\/somafel.com\/wp-content\/uploads\/2024\/09\/DJI_20240524102245_0085_D_TD-baixa-1.jpg 1024w, https:\/\/somafel.com\/wp-content\/uploads\/2024\/09\/DJI_20240524102245_0085_D_TD-baixa-1-300x169.jpg 300w, https:\/\/somafel.com\/wp-content\/uploads\/2024\/09\/DJI_20240524102245_0085_D_TD-baixa-1-768x432.jpg 768w\" sizes=\"auto, (max-width: 1024px) 100vw, 1024px\" \/><\/figure>\n\n\n\n<figure class=\"wp-block-image size-full\"><img loading=\"lazy\" decoding=\"async\" width=\"1024\" height=\"576\" data-id=\"4977\" src=\"https:\/\/somafel.com\/wp-content\/uploads\/2024\/09\/DJI_0399-baixa-1.jpg\" alt=\"\" class=\"wp-image-4977\" srcset=\"https:\/\/somafel.com\/wp-content\/uploads\/2024\/09\/DJI_0399-baixa-1.jpg 1024w, https:\/\/somafel.com\/wp-content\/uploads\/2024\/09\/DJI_0399-baixa-1-300x169.jpg 300w, https:\/\/somafel.com\/wp-content\/uploads\/2024\/09\/DJI_0399-baixa-1-768x432.jpg 768w\" sizes=\"auto, (max-width: 1024px) 100vw, 1024px\" \/><\/figure>\n<\/figure>\n","protected":false},"featured_media":4960,"template":"","class_list":["post-4922","projetos","type-projetos","status-publish","has-post-thumbnail","hentry"],"acf":[],"yoast_head":"<!-- This site is optimized with the Yoast SEO plugin v26.8 - https:\/\/yoast.com\/product\/yoast-seo-wordpress\/ -->\n<title>Moderniza\u00e7\u00e3o da Linha da Beira Alta, Tro\u00e7o Celorico da Beira \u2013 Guarda - SOMAFEL<\/title>\n<meta name=\"robots\" content=\"index, follow, max-snippet:-1, max-image-preview:large, max-video-preview:-1\" \/>\n<link rel=\"canonical\" href=\"https:\/\/somafel.com\/pt-br\/projetos\/modernizacao-da-linha-da-beira-alta-troco-celorico-da-beira-guarda\/\" \/>\n<meta property=\"og:locale\" content=\"pt_BR\" \/>\n<meta property=\"og:type\" content=\"article\" \/>\n<meta property=\"og:title\" content=\"Moderniza\u00e7\u00e3o da Linha da Beira Alta, Tro\u00e7o Celorico da Beira \u2013 Guarda - SOMAFEL\" \/>\n<meta property=\"og:description\" content=\"Detalhes do Projeto Data de inicio&nbsp; 28\/07\/2021 Cliente&nbsp; Infraestruturas de Portugal Pa\u00eds&nbsp; Portugal Local&nbsp; Norte \u2013 Linha da Beira Alta Descri\u00e7\u00e3o Inserida no projeto de moderniza\u00e7\u00e3o da Linha Ferrovi\u00e1ria da Beira Alta entre Guarda e Vilar Formoso, a presente empreitada faz parte integrante do Corredor Internacional Norte, sendo um dos projetos priorit\u00e1rios do Plano Estrat\u00e9gico [&hellip;]\" \/>\n<meta property=\"og:url\" content=\"https:\/\/somafel.com\/pt-br\/projetos\/modernizacao-da-linha-da-beira-alta-troco-celorico-da-beira-guarda\/\" \/>\n<meta property=\"og:site_name\" content=\"SOMAFEL\" \/>\n<meta property=\"article:modified_time\" content=\"2024-09-23T10:24:43+00:00\" \/>\n<meta property=\"og:image\" content=\"https:\/\/somafel.com\/wp-content\/uploads\/2024\/09\/cover-1.jpg\" \/>\n\t<meta property=\"og:image:width\" content=\"1920\" \/>\n\t<meta property=\"og:image:height\" content=\"500\" \/>\n\t<meta property=\"og:image:type\" content=\"image\/jpeg\" \/>\n<meta name=\"twitter:card\" content=\"summary_large_image\" \/>\n<meta name=\"twitter:label1\" content=\"Est. tempo de leitura\" \/>\n\t<meta name=\"twitter:data1\" content=\"1 minuto\" \/>\n<script type=\"application\/ld+json\" class=\"yoast-schema-graph\">{\"@context\":\"https:\/\/schema.org\",\"@graph\":[{\"@type\":\"WebPage\",\"@id\":\"https:\/\/somafel.com\/pt-br\/projetos\/modernizacao-da-linha-da-beira-alta-troco-celorico-da-beira-guarda\/\",\"url\":\"https:\/\/somafel.com\/pt-br\/projetos\/modernizacao-da-linha-da-beira-alta-troco-celorico-da-beira-guarda\/\",\"name\":\"Moderniza\u00e7\u00e3o da Linha da Beira Alta, Tro\u00e7o Celorico da Beira \u2013 Guarda - SOMAFEL\",\"isPartOf\":{\"@id\":\"https:\/\/somafel.com\/pt-br\/#website\"},\"primaryImageOfPage\":{\"@id\":\"https:\/\/somafel.com\/pt-br\/projetos\/modernizacao-da-linha-da-beira-alta-troco-celorico-da-beira-guarda\/#primaryimage\"},\"image\":{\"@id\":\"https:\/\/somafel.com\/pt-br\/projetos\/modernizacao-da-linha-da-beira-alta-troco-celorico-da-beira-guarda\/#primaryimage\"},\"thumbnailUrl\":\"https:\/\/somafel.com\/wp-content\/uploads\/2024\/09\/cover-1.jpg\",\"datePublished\":\"2024-09-20T15:59:17+00:00\",\"dateModified\":\"2024-09-23T10:24:43+00:00\",\"breadcrumb\":{\"@id\":\"https:\/\/somafel.com\/pt-br\/projetos\/modernizacao-da-linha-da-beira-alta-troco-celorico-da-beira-guarda\/#breadcrumb\"},\"inLanguage\":\"pt-BR\",\"potentialAction\":[{\"@type\":\"ReadAction\",\"target\":[\"https:\/\/somafel.com\/pt-br\/projetos\/modernizacao-da-linha-da-beira-alta-troco-celorico-da-beira-guarda\/\"]}]},{\"@type\":\"ImageObject\",\"inLanguage\":\"pt-BR\",\"@id\":\"https:\/\/somafel.com\/pt-br\/projetos\/modernizacao-da-linha-da-beira-alta-troco-celorico-da-beira-guarda\/#primaryimage\",\"url\":\"https:\/\/somafel.com\/wp-content\/uploads\/2024\/09\/cover-1.jpg\",\"contentUrl\":\"https:\/\/somafel.com\/wp-content\/uploads\/2024\/09\/cover-1.jpg\",\"width\":1920,\"height\":500},{\"@type\":\"BreadcrumbList\",\"@id\":\"https:\/\/somafel.com\/pt-br\/projetos\/modernizacao-da-linha-da-beira-alta-troco-celorico-da-beira-guarda\/#breadcrumb\",\"itemListElement\":[{\"@type\":\"ListItem\",\"position\":1,\"name\":\"In\u00edcio\",\"item\":\"https:\/\/somafel.com\/pt-br\/\"},{\"@type\":\"ListItem\",\"position\":2,\"name\":\"Projetos\",\"item\":\"https:\/\/somafel.com\/pt-br\/projetos\/\"},{\"@type\":\"ListItem\",\"position\":3,\"name\":\"Moderniza\u00e7\u00e3o da Linha da Beira Alta, Tro\u00e7o Celorico da Beira \u2013 Guarda\"}]},{\"@type\":\"WebSite\",\"@id\":\"https:\/\/somafel.com\/pt-br\/#website\",\"url\":\"https:\/\/somafel.com\/pt-br\/\",\"name\":\"SOMAFEL\",\"description\":\"Railway Works Experts\",\"potentialAction\":[{\"@type\":\"SearchAction\",\"target\":{\"@type\":\"EntryPoint\",\"urlTemplate\":\"https:\/\/somafel.com\/pt-br\/?s={search_term_string}\"},\"query-input\":{\"@type\":\"PropertyValueSpecification\",\"valueRequired\":true,\"valueName\":\"search_term_string\"}}],\"inLanguage\":\"pt-BR\"}]}<\/script>\n<!-- \/ Yoast SEO plugin. -->","yoast_head_json":{"title":"Moderniza\u00e7\u00e3o da Linha da Beira Alta, Tro\u00e7o Celorico da Beira \u2013 Guarda - SOMAFEL","robots":{"index":"index","follow":"follow","max-snippet":"max-snippet:-1","max-image-preview":"max-image-preview:large","max-video-preview":"max-video-preview:-1"},"canonical":"https:\/\/somafel.com\/pt-br\/projetos\/modernizacao-da-linha-da-beira-alta-troco-celorico-da-beira-guarda\/","og_locale":"pt_BR","og_type":"article","og_title":"Moderniza\u00e7\u00e3o da Linha da Beira Alta, Tro\u00e7o Celorico da Beira \u2013 Guarda - SOMAFEL","og_description":"Detalhes do Projeto Data de inicio&nbsp; 28\/07\/2021 Cliente&nbsp; Infraestruturas de Portugal Pa\u00eds&nbsp; Portugal Local&nbsp; Norte \u2013 Linha da Beira Alta Descri\u00e7\u00e3o Inserida no projeto de moderniza\u00e7\u00e3o da Linha Ferrovi\u00e1ria da Beira Alta entre Guarda e Vilar Formoso, a presente empreitada faz parte integrante do Corredor Internacional Norte, sendo um dos projetos priorit\u00e1rios do Plano Estrat\u00e9gico [&hellip;]","og_url":"https:\/\/somafel.com\/pt-br\/projetos\/modernizacao-da-linha-da-beira-alta-troco-celorico-da-beira-guarda\/","og_site_name":"SOMAFEL","article_modified_time":"2024-09-23T10:24:43+00:00","og_image":[{"width":1920,"height":500,"url":"https:\/\/somafel.com\/wp-content\/uploads\/2024\/09\/cover-1.jpg","type":"image\/jpeg"}],"twitter_card":"summary_large_image","twitter_misc":{"Est. tempo de leitura":"1 minuto"},"schema":{"@context":"https:\/\/schema.org","@graph":[{"@type":"WebPage","@id":"https:\/\/somafel.com\/pt-br\/projetos\/modernizacao-da-linha-da-beira-alta-troco-celorico-da-beira-guarda\/","url":"https:\/\/somafel.com\/pt-br\/projetos\/modernizacao-da-linha-da-beira-alta-troco-celorico-da-beira-guarda\/","name":"Moderniza\u00e7\u00e3o da Linha da Beira Alta, Tro\u00e7o Celorico da Beira \u2013 Guarda - SOMAFEL","isPartOf":{"@id":"https:\/\/somafel.com\/pt-br\/#website"},"primaryImageOfPage":{"@id":"https:\/\/somafel.com\/pt-br\/projetos\/modernizacao-da-linha-da-beira-alta-troco-celorico-da-beira-guarda\/#primaryimage"},"image":{"@id":"https:\/\/somafel.com\/pt-br\/projetos\/modernizacao-da-linha-da-beira-alta-troco-celorico-da-beira-guarda\/#primaryimage"},"thumbnailUrl":"https:\/\/somafel.com\/wp-content\/uploads\/2024\/09\/cover-1.jpg","datePublished":"2024-09-20T15:59:17+00:00","dateModified":"2024-09-23T10:24:43+00:00","breadcrumb":{"@id":"https:\/\/somafel.com\/pt-br\/projetos\/modernizacao-da-linha-da-beira-alta-troco-celorico-da-beira-guarda\/#breadcrumb"},"inLanguage":"pt-BR","potentialAction":[{"@type":"ReadAction","target":["https:\/\/somafel.com\/pt-br\/projetos\/modernizacao-da-linha-da-beira-alta-troco-celorico-da-beira-guarda\/"]}]},{"@type":"ImageObject","inLanguage":"pt-BR","@id":"https:\/\/somafel.com\/pt-br\/projetos\/modernizacao-da-linha-da-beira-alta-troco-celorico-da-beira-guarda\/#primaryimage","url":"https:\/\/somafel.com\/wp-content\/uploads\/2024\/09\/cover-1.jpg","contentUrl":"https:\/\/somafel.com\/wp-content\/uploads\/2024\/09\/cover-1.jpg","width":1920,"height":500},{"@type":"BreadcrumbList","@id":"https:\/\/somafel.com\/pt-br\/projetos\/modernizacao-da-linha-da-beira-alta-troco-celorico-da-beira-guarda\/#breadcrumb","itemListElement":[{"@type":"ListItem","position":1,"name":"In\u00edcio","item":"https:\/\/somafel.com\/pt-br\/"},{"@type":"ListItem","position":2,"name":"Projetos","item":"https:\/\/somafel.com\/pt-br\/projetos\/"},{"@type":"ListItem","position":3,"name":"Moderniza\u00e7\u00e3o da Linha da Beira Alta, Tro\u00e7o Celorico da Beira \u2013 Guarda"}]},{"@type":"WebSite","@id":"https:\/\/somafel.com\/pt-br\/#website","url":"https:\/\/somafel.com\/pt-br\/","name":"SOMAFEL","description":"Railway Works Experts","potentialAction":[{"@type":"SearchAction","target":{"@type":"EntryPoint","urlTemplate":"https:\/\/somafel.com\/pt-br\/?s={search_term_string}"},"query-input":{"@type":"PropertyValueSpecification","valueRequired":true,"valueName":"search_term_string"}}],"inLanguage":"pt-BR"}]}},"uagb_featured_image_src":{"full":["https:\/\/somafel.com\/wp-content\/uploads\/2024\/09\/cover-1.jpg",1920,500,false],"thumbnail":["https:\/\/somafel.com\/wp-content\/uploads\/2024\/09\/cover-1-150x150.jpg",150,150,true],"medium":["https:\/\/somafel.com\/wp-content\/uploads\/2024\/09\/cover-1-300x78.jpg",300,78,true],"medium_large":["https:\/\/somafel.com\/wp-content\/uploads\/2024\/09\/cover-1-768x200.jpg",768,200,true],"large":["https:\/\/somafel.com\/wp-content\/uploads\/2024\/09\/cover-1-1024x267.jpg",1024,267,true],"1536x1536":["https:\/\/somafel.com\/wp-content\/uploads\/2024\/09\/cover-1-1536x400.jpg",1536,400,true],"2048x2048":["https:\/\/somafel.com\/wp-content\/uploads\/2024\/09\/cover-1.jpg",1920,500,false],"custom-size":["https:\/\/somafel.com\/wp-content\/uploads\/2024\/09\/cover-1-390x260.jpg",390,260,true]},"uagb_author_info":{"display_name":"Marketing Teixeira Duarte","author_link":"https:\/\/somafel.com\/pt-br\/author\/"},"uagb_comment_info":0,"uagb_excerpt":"Detalhes do Projeto Data de inicio&nbsp; 28\/07\/2021 Cliente&nbsp; Infraestruturas de Portugal Pa\u00eds&nbsp; Portugal Local&nbsp; Norte \u2013 Linha da Beira Alta Descri\u00e7\u00e3o Inserida no projeto de moderniza\u00e7\u00e3o da Linha Ferrovi\u00e1ria da Beira Alta entre Guarda e Vilar Formoso, a presente empreitada faz parte integrante do Corredor Internacional Norte, sendo um dos projetos priorit\u00e1rios do Plano Estrat\u00e9gico&hellip;","_links":{"self":[{"href":"https:\/\/somafel.com\/pt-br\/wp-json\/wp\/v2\/projetos\/4922","targetHints":{"allow":["GET"]}}],"collection":[{"href":"https:\/\/somafel.com\/pt-br\/wp-json\/wp\/v2\/projetos"}],"about":[{"href":"https:\/\/somafel.com\/pt-br\/wp-json\/wp\/v2\/types\/projetos"}],"wp:featuredmedia":[{"embeddable":true,"href":"https:\/\/somafel.com\/pt-br\/wp-json\/wp\/v2\/media\/4960"}],"wp:attachment":[{"href":"https:\/\/somafel.com\/pt-br\/wp-json\/wp\/v2\/media?parent=4922"}],"curies":[{"name":"wp","href":"https:\/\/api.w.org\/{rel}","templated":true}]}}