
{"id":3194,"date":"2019-05-27T17:35:08","date_gmt":"2019-05-27T17:35:08","guid":{"rendered":"https:\/\/somafel.com\/quemsomos\/a-nossa-equipa\/"},"modified":"2024-09-20T11:44:40","modified_gmt":"2024-09-20T11:44:40","slug":"a-nossa-equipa","status":"publish","type":"quemsomos","link":"https:\/\/somafel.com\/pt-br\/quemsomos\/a-nossa-equipa\/","title":{"rendered":"A nossa Equipa"},"content":{"rendered":"\n<p>Contamos com mais de 600 colaboradores em 3 continentes&nbsp;\u2013&nbsp;Europa, \u00c1frica e Am\u00e9rica Latina.&nbsp;<\/p>\n\n\n\n<p>Em cada um dos pa\u00edses onde estamos presentes, constitu\u00edmos equipas multidisciplinares e multiculturais que combinam os valores e cultura da organiza\u00e7\u00e3o com a realidade cultural local. Promovemos a autonomia das equipas como est\u00edmulo \u00e0 motiva\u00e7\u00e3o e ao crescimento dos colaboradores.&nbsp;<\/p>\n\n\n\n<p>Orgulhamo-nos dos quadros t\u00e9cnicos altamente qualificados, com v\u00e1rios anos de experi\u00eancia profissional no setor ferrovi\u00e1rio e que transportam consigo, nas fun\u00e7\u00f5es que desempenham e nos pa\u00edses em que atuam, o esp\u00edrito da organiza\u00e7\u00e3o.&nbsp;<\/p>\n\n\n\n<h2 class=\"wp-block-heading\"><strong>A nossa<\/strong>&nbsp;<strong>Equipa de Gest\u00e3o<\/strong>&nbsp;<\/h2>\n\n\n\n<p><\/p>\n\n\n\n<div class=\"wp-block-columns has-3-columns is-layout-flex wp-container-core-columns-is-layout-9d6595d7 wp-block-columns-is-layout-flex\">\n<div class=\"wp-block-column is-layout-flow wp-block-column-is-layout-flow\"><div class=\"wp-block-image\">\n<figure class=\"aligncenter\"><a class=\"fancybox-iframe\" href=\"..\/equipa\/paulo-serradas\/\"><img loading=\"lazy\" decoding=\"async\" width=\"200\" height=\"200\" src=\"https:\/\/somafel.com\/wp-content\/uploads\/2019\/04\/paulo.png\" alt=\"\" class=\"wp-image-835\" srcset=\"https:\/\/somafel.com\/wp-content\/uploads\/2019\/04\/paulo.png 200w, https:\/\/somafel.com\/wp-content\/uploads\/2019\/04\/paulo-150x150.png 150w\" sizes=\"auto, (max-width: 200px) 100vw, 200px\" \/><\/a><figcaption class=\"wp-element-caption\"><strong>Paulo Serradas<\/strong><br>Presidente do Conselho de Administra\u00e7\u00e3o<br><\/figcaption><\/figure>\n<\/div>\n\n<div class=\"wp-block-image\">\n<figure class=\"aligncenter\"><a class=\"fancybox-iframe\" href=\"..\/equipa\/rui-rondao\"><img loading=\"lazy\" decoding=\"async\" width=\"200\" height=\"200\" src=\"https:\/\/somafel.com\/wp-content\/uploads\/2020\/09\/RGR.png\" alt=\"\" class=\"wp-image-3945\" srcset=\"https:\/\/somafel.com\/wp-content\/uploads\/2020\/09\/RGR.png 200w, https:\/\/somafel.com\/wp-content\/uploads\/2020\/09\/RGR-150x150.png 150w\" sizes=\"auto, (max-width: 200px) 100vw, 200px\" \/><\/a><figcaption class=\"wp-element-caption\"><strong>Rui Rond\u00e3o<\/strong><br>Diretor de Estudos<br>e Propostas<\/figcaption><\/figure>\n<\/div>\n\n<div class=\"wp-block-image\">\n<figure class=\"aligncenter\"><a class=\"fancybox-iframe\" href=\"..\/equipa\/nuno-goncalves\"><img loading=\"lazy\" decoding=\"async\" width=\"200\" height=\"200\" src=\"https:\/\/somafel.com\/wp-content\/uploads\/2019\/04\/nuno.png\" alt=\"\" class=\"wp-image-823\" srcset=\"https:\/\/somafel.com\/wp-content\/uploads\/2019\/04\/nuno.png 200w, https:\/\/somafel.com\/wp-content\/uploads\/2019\/04\/nuno-150x150.png 150w\" sizes=\"auto, (max-width: 200px) 100vw, 200px\" \/><\/a><figcaption class=\"wp-element-caption\"><strong>Nuno Gon\u00e7alves <\/strong><br>Diretor de Equipamentos<br><\/figcaption><\/figure>\n<\/div><\/div>\n\n\n\n<div class=\"wp-block-column is-layout-flow wp-block-column-is-layout-flow\"><div class=\"wp-block-image\">\n<figure class=\"aligncenter\"><a class=\"fancybox-iframe\" href=\"..\/equipa\/rui-costa\/\"><img loading=\"lazy\" decoding=\"async\" width=\"200\" height=\"200\" src=\"https:\/\/somafel.com\/wp-content\/uploads\/2019\/04\/rui-2.png\" alt=\"\" class=\"wp-image-831\" srcset=\"https:\/\/somafel.com\/wp-content\/uploads\/2019\/04\/rui-2.png 200w, https:\/\/somafel.com\/wp-content\/uploads\/2019\/04\/rui-2-150x150.png 150w\" sizes=\"auto, (max-width: 200px) 100vw, 200px\" \/><\/a><figcaption class=\"wp-element-caption\"><strong>Rui Costa <\/strong><br>Administrador Executivo<br><\/figcaption><\/figure>\n<\/div>\n\n<div class=\"wp-block-image\">\n<figure class=\"aligncenter\"><a class=\"fancybox-iframe\" href=\"..\/equipa\/sonia-filipe\"><img loading=\"lazy\" decoding=\"async\" width=\"200\" height=\"200\" src=\"https:\/\/somafel.com\/wp-content\/uploads\/2019\/04\/sonia.png\" alt=\"\" class=\"wp-image-819\" srcset=\"https:\/\/somafel.com\/wp-content\/uploads\/2019\/04\/sonia.png 200w, https:\/\/somafel.com\/wp-content\/uploads\/2019\/04\/sonia-150x150.png 150w\" sizes=\"auto, (max-width: 200px) 100vw, 200px\" \/><\/a><figcaption class=\"wp-element-caption\"><strong>S\u00f3nia Filipe<\/strong><br>Diretora de Seguran\u00e7a, Qualidade e Ambiente<\/figcaption><\/figure>\n<\/div>\n\n<div class=\"wp-block-image\">\n<figure class=\"aligncenter size-full\"><a class=\"fancybox-iframe\" href=\"..\/equipa\/acacio-magno\"><img loading=\"lazy\" decoding=\"async\" width=\"200\" height=\"200\" src=\"https:\/\/somafel.com\/wp-content\/uploads\/2022\/10\/acacio.png\" alt=\"\" class=\"wp-image-4269\" srcset=\"https:\/\/somafel.com\/wp-content\/uploads\/2022\/10\/acacio.png 200w, https:\/\/somafel.com\/wp-content\/uploads\/2022\/10\/acacio-150x150.png 150w\" sizes=\"auto, (max-width: 200px) 100vw, 200px\" \/><\/a><figcaption class=\"wp-element-caption\"><strong>Ac\u00e1cio Magno<\/strong> Diretor da SOMAFEL \u00c1frica<br><\/figcaption><\/figure>\n<\/div>\n\n<div class=\"wp-block-image\">\n<figure class=\"aligncenter\"><a class=\"fancybox-iframe\" href=\"..\/equipa\/tito-reis\"><img loading=\"lazy\" decoding=\"async\" width=\"200\" height=\"200\" src=\"https:\/\/somafel.com\/wp-content\/uploads\/2020\/09\/TLR.png\" alt=\"\" class=\"wp-image-3953\" srcset=\"https:\/\/somafel.com\/wp-content\/uploads\/2020\/09\/TLR.png 200w, https:\/\/somafel.com\/wp-content\/uploads\/2020\/09\/TLR-150x150.png 150w\" sizes=\"auto, (max-width: 200px) 100vw, 200px\" \/><\/a><figcaption class=\"wp-element-caption\"><strong>Tito Reis<\/strong><br>Diretor da SOMAFEL Brasil<br><\/figcaption><\/figure>\n<\/div><\/div>\n\n\n\n<div class=\"wp-block-column is-layout-flow wp-block-column-is-layout-flow\"><div class=\"wp-block-image\">\n<figure class=\"aligncenter size-full\"><a class=\"fancybox-iframe\" href=\"..\/equipa\/rui-rodrigues\/\"><img loading=\"lazy\" decoding=\"async\" width=\"200\" height=\"200\" src=\"https:\/\/somafel.com\/wp-content\/uploads\/2022\/07\/rar-somafel.png\" alt=\"\" class=\"wp-image-4244\" srcset=\"https:\/\/somafel.com\/wp-content\/uploads\/2022\/07\/rar-somafel.png 200w, https:\/\/somafel.com\/wp-content\/uploads\/2022\/07\/rar-somafel-150x150.png 150w\" sizes=\"auto, (max-width: 200px) 100vw, 200px\" \/><\/a><figcaption class=\"wp-element-caption\"><strong>Rui Rodrigues<\/strong><br>Diretor de Produ\u00e7\u00e3o<br><\/figcaption><\/figure>\n<\/div>\n\n<div class=\"wp-block-image\">\n<figure class=\"aligncenter\"><a class=\"fancybox-iframe\" href=\"..\/equipa\/monica-leal\"><img loading=\"lazy\" decoding=\"async\" width=\"200\" height=\"200\" src=\"https:\/\/somafel.com\/wp-content\/uploads\/2020\/09\/MCL.png\" alt=\"\" class=\"wp-image-3936\" srcset=\"https:\/\/somafel.com\/wp-content\/uploads\/2020\/09\/MCL.png 200w, https:\/\/somafel.com\/wp-content\/uploads\/2020\/09\/MCL-150x150.png 150w\" sizes=\"auto, (max-width: 200px) 100vw, 200px\" \/><\/a><figcaption class=\"wp-element-caption\"><strong>M\u00f3nica Leal<\/strong><br>Respons\u00e1vel de Controlo de Gest\u00e3o<\/figcaption><\/figure>\n<\/div>\n\n<div class=\"wp-block-image\">\n<figure class=\"aligncenter\"><a class=\"fancybox-iframe\" href=\"..\/equipa\/gilberto-costa\/\"><img loading=\"lazy\" decoding=\"async\" width=\"200\" height=\"200\" src=\"https:\/\/somafel.com\/wp-content\/uploads\/2019\/04\/gilberto.png\" alt=\"\" class=\"wp-image-829\" srcset=\"https:\/\/somafel.com\/wp-content\/uploads\/2019\/04\/gilberto.png 200w, https:\/\/somafel.com\/wp-content\/uploads\/2019\/04\/gilberto-150x150.png 150w\" sizes=\"auto, (max-width: 200px) 100vw, 200px\" \/><\/a><figcaption class=\"wp-element-caption\"><strong>Gilberto Costa <\/strong><br>Diretor de Novos Mercados<br><\/figcaption><\/figure>\n<\/div><\/div>\n<\/div>\n","protected":false},"featured_media":3046,"template":"","class_list":["post-3194","quemsomos","type-quemsomos","status-publish","has-post-thumbnail","hentry"],"acf":[],"yoast_head":"<!-- This site is optimized with the Yoast SEO plugin v26.8 - https:\/\/yoast.com\/product\/yoast-seo-wordpress\/ -->\n<title>SOMAFEL - A nossa Equipa<\/title>\n<meta name=\"description\" content=\"Contamos com 500 colaboradores especializados nas diversas vertentes da engenharia ferrovi\u00e1ria.\" \/>\n<meta name=\"robots\" content=\"index, follow, max-snippet:-1, max-image-preview:large, max-video-preview:-1\" \/>\n<link rel=\"canonical\" href=\"https:\/\/somafel.com\/pt-br\/quemsomos\/a-nossa-equipa\/\" \/>\n<meta property=\"og:locale\" content=\"pt_BR\" \/>\n<meta property=\"og:type\" content=\"article\" \/>\n<meta property=\"og:title\" content=\"SOMAFEL - A nossa Equipa\" \/>\n<meta property=\"og:description\" content=\"Contamos com 500 colaboradores especializados nas diversas vertentes da engenharia ferrovi\u00e1ria.\" \/>\n<meta property=\"og:url\" content=\"https:\/\/somafel.com\/pt-br\/quemsomos\/a-nossa-equipa\/\" \/>\n<meta property=\"og:site_name\" content=\"SOMAFEL\" \/>\n<meta property=\"article:modified_time\" content=\"2024-09-20T11:44:40+00:00\" \/>\n<meta property=\"og:image\" content=\"https:\/\/somafel.com\/wp-content\/uploads\/2019\/03\/equipa.jpg\" \/>\n\t<meta property=\"og:image:width\" content=\"1920\" \/>\n\t<meta property=\"og:image:height\" content=\"500\" \/>\n\t<meta property=\"og:image:type\" content=\"image\/jpeg\" \/>\n<meta name=\"twitter:card\" content=\"summary_large_image\" \/>\n<meta name=\"twitter:label1\" content=\"Est. tempo de leitura\" \/>\n\t<meta name=\"twitter:data1\" content=\"1 minuto\" \/>\n<script type=\"application\/ld+json\" class=\"yoast-schema-graph\">{\"@context\":\"https:\/\/schema.org\",\"@graph\":[{\"@type\":\"WebPage\",\"@id\":\"https:\/\/somafel.com\/pt-br\/quemsomos\/a-nossa-equipa\/\",\"url\":\"https:\/\/somafel.com\/pt-br\/quemsomos\/a-nossa-equipa\/\",\"name\":\"SOMAFEL - A nossa Equipa\",\"isPartOf\":{\"@id\":\"https:\/\/somafel.com\/pt-br\/#website\"},\"primaryImageOfPage\":{\"@id\":\"https:\/\/somafel.com\/pt-br\/quemsomos\/a-nossa-equipa\/#primaryimage\"},\"image\":{\"@id\":\"https:\/\/somafel.com\/pt-br\/quemsomos\/a-nossa-equipa\/#primaryimage\"},\"thumbnailUrl\":\"https:\/\/somafel.com\/wp-content\/uploads\/2019\/03\/equipa.jpg\",\"datePublished\":\"2019-05-27T17:35:08+00:00\",\"dateModified\":\"2024-09-20T11:44:40+00:00\",\"description\":\"Contamos com 500 colaboradores especializados nas diversas vertentes da engenharia ferrovi\u00e1ria.\",\"breadcrumb\":{\"@id\":\"https:\/\/somafel.com\/pt-br\/quemsomos\/a-nossa-equipa\/#breadcrumb\"},\"inLanguage\":\"pt-BR\",\"potentialAction\":[{\"@type\":\"ReadAction\",\"target\":[\"https:\/\/somafel.com\/pt-br\/quemsomos\/a-nossa-equipa\/\"]}]},{\"@type\":\"ImageObject\",\"inLanguage\":\"pt-BR\",\"@id\":\"https:\/\/somafel.com\/pt-br\/quemsomos\/a-nossa-equipa\/#primaryimage\",\"url\":\"https:\/\/somafel.com\/wp-content\/uploads\/2019\/03\/equipa.jpg\",\"contentUrl\":\"https:\/\/somafel.com\/wp-content\/uploads\/2019\/03\/equipa.jpg\",\"width\":1920,\"height\":500},{\"@type\":\"BreadcrumbList\",\"@id\":\"https:\/\/somafel.com\/pt-br\/quemsomos\/a-nossa-equipa\/#breadcrumb\",\"itemListElement\":[{\"@type\":\"ListItem\",\"position\":1,\"name\":\"In\u00edcio\",\"item\":\"https:\/\/somafel.com\/pt-br\/\"},{\"@type\":\"ListItem\",\"position\":2,\"name\":\"Quem somos\",\"item\":\"https:\/\/somafel.com\/pt-br\/quemsomos\/\"},{\"@type\":\"ListItem\",\"position\":3,\"name\":\"A nossa Equipa\"}]},{\"@type\":\"WebSite\",\"@id\":\"https:\/\/somafel.com\/pt-br\/#website\",\"url\":\"https:\/\/somafel.com\/pt-br\/\",\"name\":\"SOMAFEL\",\"description\":\"Railway Works Experts\",\"potentialAction\":[{\"@type\":\"SearchAction\",\"target\":{\"@type\":\"EntryPoint\",\"urlTemplate\":\"https:\/\/somafel.com\/pt-br\/?s={search_term_string}\"},\"query-input\":{\"@type\":\"PropertyValueSpecification\",\"valueRequired\":true,\"valueName\":\"search_term_string\"}}],\"inLanguage\":\"pt-BR\"}]}<\/script>\n<!-- \/ Yoast SEO plugin. -->","yoast_head_json":{"title":"SOMAFEL - A nossa Equipa","description":"Contamos com 500 colaboradores especializados nas diversas vertentes da engenharia ferrovi\u00e1ria.","robots":{"index":"index","follow":"follow","max-snippet":"max-snippet:-1","max-image-preview":"max-image-preview:large","max-video-preview":"max-video-preview:-1"},"canonical":"https:\/\/somafel.com\/pt-br\/quemsomos\/a-nossa-equipa\/","og_locale":"pt_BR","og_type":"article","og_title":"SOMAFEL - A nossa Equipa","og_description":"Contamos com 500 colaboradores especializados nas diversas vertentes da engenharia ferrovi\u00e1ria.","og_url":"https:\/\/somafel.com\/pt-br\/quemsomos\/a-nossa-equipa\/","og_site_name":"SOMAFEL","article_modified_time":"2024-09-20T11:44:40+00:00","og_image":[{"width":1920,"height":500,"url":"https:\/\/somafel.com\/wp-content\/uploads\/2019\/03\/equipa.jpg","type":"image\/jpeg"}],"twitter_card":"summary_large_image","twitter_misc":{"Est. tempo de leitura":"1 minuto"},"schema":{"@context":"https:\/\/schema.org","@graph":[{"@type":"WebPage","@id":"https:\/\/somafel.com\/pt-br\/quemsomos\/a-nossa-equipa\/","url":"https:\/\/somafel.com\/pt-br\/quemsomos\/a-nossa-equipa\/","name":"SOMAFEL - A nossa Equipa","isPartOf":{"@id":"https:\/\/somafel.com\/pt-br\/#website"},"primaryImageOfPage":{"@id":"https:\/\/somafel.com\/pt-br\/quemsomos\/a-nossa-equipa\/#primaryimage"},"image":{"@id":"https:\/\/somafel.com\/pt-br\/quemsomos\/a-nossa-equipa\/#primaryimage"},"thumbnailUrl":"https:\/\/somafel.com\/wp-content\/uploads\/2019\/03\/equipa.jpg","datePublished":"2019-05-27T17:35:08+00:00","dateModified":"2024-09-20T11:44:40+00:00","description":"Contamos com 500 colaboradores especializados nas diversas vertentes da engenharia ferrovi\u00e1ria.","breadcrumb":{"@id":"https:\/\/somafel.com\/pt-br\/quemsomos\/a-nossa-equipa\/#breadcrumb"},"inLanguage":"pt-BR","potentialAction":[{"@type":"ReadAction","target":["https:\/\/somafel.com\/pt-br\/quemsomos\/a-nossa-equipa\/"]}]},{"@type":"ImageObject","inLanguage":"pt-BR","@id":"https:\/\/somafel.com\/pt-br\/quemsomos\/a-nossa-equipa\/#primaryimage","url":"https:\/\/somafel.com\/wp-content\/uploads\/2019\/03\/equipa.jpg","contentUrl":"https:\/\/somafel.com\/wp-content\/uploads\/2019\/03\/equipa.jpg","width":1920,"height":500},{"@type":"BreadcrumbList","@id":"https:\/\/somafel.com\/pt-br\/quemsomos\/a-nossa-equipa\/#breadcrumb","itemListElement":[{"@type":"ListItem","position":1,"name":"In\u00edcio","item":"https:\/\/somafel.com\/pt-br\/"},{"@type":"ListItem","position":2,"name":"Quem somos","item":"https:\/\/somafel.com\/pt-br\/quemsomos\/"},{"@type":"ListItem","position":3,"name":"A nossa Equipa"}]},{"@type":"WebSite","@id":"https:\/\/somafel.com\/pt-br\/#website","url":"https:\/\/somafel.com\/pt-br\/","name":"SOMAFEL","description":"Railway Works Experts","potentialAction":[{"@type":"SearchAction","target":{"@type":"EntryPoint","urlTemplate":"https:\/\/somafel.com\/pt-br\/?s={search_term_string}"},"query-input":{"@type":"PropertyValueSpecification","valueRequired":true,"valueName":"search_term_string"}}],"inLanguage":"pt-BR"}]}},"uagb_featured_image_src":{"full":["https:\/\/somafel.com\/wp-content\/uploads\/2019\/03\/equipa.jpg",1920,500,false],"thumbnail":["https:\/\/somafel.com\/wp-content\/uploads\/2019\/03\/equipa-150x150.jpg",150,150,true],"medium":["https:\/\/somafel.com\/wp-content\/uploads\/2019\/03\/equipa-300x78.jpg",300,78,true],"medium_large":["https:\/\/somafel.com\/wp-content\/uploads\/2019\/03\/equipa-768x200.jpg",768,200,true],"large":["https:\/\/somafel.com\/wp-content\/uploads\/2019\/03\/equipa-1024x267.jpg",1024,267,true],"1536x1536":["https:\/\/somafel.com\/wp-content\/uploads\/2019\/03\/equipa.jpg",1536,400,false],"2048x2048":["https:\/\/somafel.com\/wp-content\/uploads\/2019\/03\/equipa.jpg",1920,500,false],"custom-size":["https:\/\/somafel.com\/wp-content\/uploads\/2019\/03\/equipa-390x260.jpg",390,260,true]},"uagb_author_info":{"display_name":"Marketing Teixeira Duarte","author_link":"https:\/\/somafel.com\/pt-br\/author\/"},"uagb_comment_info":0,"uagb_excerpt":"Contamos com mais de 600 colaboradores em 3 continentes&nbsp;\u2013&nbsp;Europa, \u00c1frica e Am\u00e9rica Latina.&nbsp; Em cada um dos pa\u00edses onde estamos presentes, constitu\u00edmos equipas multidisciplinares e multiculturais que combinam os valores e cultura da organiza\u00e7\u00e3o com a realidade cultural local. Promovemos a autonomia das equipas como est\u00edmulo \u00e0 motiva\u00e7\u00e3o e ao crescimento dos colaboradores.&nbsp; Orgulhamo-nos dos&hellip;","_links":{"self":[{"href":"https:\/\/somafel.com\/pt-br\/wp-json\/wp\/v2\/quemsomos\/3194","targetHints":{"allow":["GET"]}}],"collection":[{"href":"https:\/\/somafel.com\/pt-br\/wp-json\/wp\/v2\/quemsomos"}],"about":[{"href":"https:\/\/somafel.com\/pt-br\/wp-json\/wp\/v2\/types\/quemsomos"}],"wp:featuredmedia":[{"embeddable":true,"href":"https:\/\/somafel.com\/pt-br\/wp-json\/wp\/v2\/media\/3046"}],"wp:attachment":[{"href":"https:\/\/somafel.com\/pt-br\/wp-json\/wp\/v2\/media?parent=3194"}],"curies":[{"name":"wp","href":"https:\/\/api.w.org\/{rel}","templated":true}]}}