
{"id":3211,"date":"2019-05-27T17:56:49","date_gmt":"2019-05-27T17:56:49","guid":{"rendered":"https:\/\/somafel.com\/sustentabilidade\/seguranca\/"},"modified":"2023-10-03T11:22:32","modified_gmt":"2023-10-03T11:22:32","slug":"seguranca","status":"publish","type":"sustentabilidade","link":"https:\/\/somafel.com\/pt-br\/sustentabilidade\/seguranca\/","title":{"rendered":"Seguran\u00e7a"},"content":{"rendered":"\n<h2 class=\"wp-block-heading\">Seguran\u00e7a e Sa\u00fade no Trabalho<\/h2>\n\n<section class=\"wp-block-uagb-section uagb-section__wrap uagb-section__background-undefined uagb-block-fb36bca3\"><div class=\"uagb-section__overlay\"><\/div><div class=\"uagb-section__inner-wrap\">\n<p>A renova\u00e7\u00e3o de via ferrovi\u00e1ria \u00e9 um processo de conserva\u00e7\u00e3o sistem\u00e1tica no qual se efetua a substitui\u00e7\u00e3o dos materiais da superestrutura da via e da Rede A\u00e9rea de Tra\u00e7\u00e3o, em fim de ciclo de vida ou decorrentes da necessidade de otimiza\u00e7\u00e3o do desempenho das vias-f\u00e9rreas. Esta atividade \u00e9 realizada geralmente em per\u00edodos de suspens\u00e3o da circula\u00e7\u00e3o ferrovi\u00e1ria.<\/p>\n\n\n\n<p>Desde sempre, a SOMAFEL dedica especial aten\u00e7\u00e3o aos riscos profissionais, definindo princ\u00edpios de gest\u00e3o e de decis\u00e3o que possibilitam a conjuga\u00e7\u00e3o entre a preven\u00e7\u00e3o, disposi\u00e7\u00f5es legais e normativas impostas pelos gestores das infraestruturas, execu\u00e7\u00e3o das obras e a respetiva perspetiva econ\u00f3mica. <\/p>\n<\/div><\/section>\n\n<section class=\"wp-block-uagb-section uagb-section__wrap uagb-section__background-undefined uagb-block-6929cf7c bg-destaques\"><div class=\"uagb-section__overlay\"><\/div><div class=\"uagb-section__inner-wrap\">\n<h2 class=\"wp-block-heading\"><strong>Cultura de Seguran\u00e7a<\/strong><\/h2>\n\n\n\n<p>Com base nestes pressupostos, a SOMAFEL incorpora uma verdadeira cultura de seguran\u00e7a, vis\u00edvel no comportamento dos colaboradores, e de todos os que trabalham em seu nome, nos m\u00e9todos construtivos, nos equipamentos e ferramentas modernos, na prote\u00e7\u00e3o coletiva e individual eficaz e nos bons resultados em termos de sinistralidade e doen\u00e7as profissionais. <\/p>\n<\/div><\/section>\n\n<section class=\"wp-block-uagb-section uagb-section__wrap uagb-section__background-undefined uagb-block-8bd89d09\"><div class=\"uagb-section__overlay\"><\/div><div class=\"uagb-section__inner-wrap\">\n<h2 class=\"wp-block-heading\"><strong>Certifica\u00e7\u00e3o<\/strong><\/h2>\n\n\n\n<p>Na sequ\u00eancia das pr\u00e1ticas de seguran\u00e7a intr\u00ednsecas \u00e0 organiza\u00e7\u00e3o, a SOMAFEL possui, desde 2006, a certifica\u00e7\u00e3o do Sistema de Gest\u00e3o da Seguran\u00e7a e Sa\u00fade do Trabalho, de acordo com o referencial  ISO 45001.<\/p>\n\n\n\n<div class=\"wp-block-columns has-2-columns is-layout-flex wp-container-core-columns-is-layout-9d6595d7 wp-block-columns-is-layout-flex\">\n<div class=\"wp-block-column is-layout-flow wp-block-column-is-layout-flow\">\n<p class=\"ybtn\"> <a rel=\"noreferrer noopener\" aria-label=\" (abre num novo separador)\" href=\"https:\/\/somafel.com\/wp-content\/uploads\/2023\/10\/Certificado%20ISO%2045001_PT_val_20_08_2026.pdf\" target=\"_blank\">Certificado ISO 45001<\/a><\/p>\n<\/div>\n\n\n\n<div class=\"wp-block-column is-layout-flow wp-block-column-is-layout-flow\">\n<p class=\"ybtn\"><\/p>\n<\/div>\n<\/div>\n\n\n\n<p><\/p>\n<\/div><\/section>\n","protected":false},"featured_media":0,"template":"","class_list":["post-3211","sustentabilidade","type-sustentabilidade","status-publish","hentry"],"acf":[],"yoast_head":"<!-- This site is optimized with the Yoast SEO plugin v26.8 - https:\/\/yoast.com\/product\/yoast-seo-wordpress\/ -->\n<title>SOMAFEL - Seguran\u00e7a<\/title>\n<meta name=\"description\" content=\"Desde sempre, a SOMAFEL dedica especial aten\u00e7\u00e3o aos riscos profissionais, definindo princ\u00edpios de gest\u00e3o e de decis\u00e3o que possibilitam a sua preven\u00e7\u00e3o.\" \/>\n<meta name=\"robots\" content=\"index, follow, max-snippet:-1, max-image-preview:large, max-video-preview:-1\" \/>\n<link rel=\"canonical\" href=\"https:\/\/somafel.com\/pt-br\/sustentabilidade\/seguranca\/\" \/>\n<meta property=\"og:locale\" content=\"pt_BR\" \/>\n<meta property=\"og:type\" content=\"article\" \/>\n<meta property=\"og:title\" content=\"SOMAFEL - Seguran\u00e7a\" \/>\n<meta property=\"og:description\" content=\"Desde sempre, a SOMAFEL dedica especial aten\u00e7\u00e3o aos riscos profissionais, definindo princ\u00edpios de gest\u00e3o e de decis\u00e3o que possibilitam a sua preven\u00e7\u00e3o.\" \/>\n<meta property=\"og:url\" content=\"https:\/\/somafel.com\/pt-br\/sustentabilidade\/seguranca\/\" \/>\n<meta property=\"og:site_name\" content=\"SOMAFEL\" \/>\n<meta property=\"article:modified_time\" content=\"2023-10-03T11:22:32+00:00\" \/>\n<meta name=\"twitter:card\" content=\"summary_large_image\" \/>\n<meta name=\"twitter:label1\" content=\"Est. tempo de leitura\" \/>\n\t<meta name=\"twitter:data1\" content=\"1 minuto\" \/>\n<script type=\"application\/ld+json\" class=\"yoast-schema-graph\">{\"@context\":\"https:\/\/schema.org\",\"@graph\":[{\"@type\":\"WebPage\",\"@id\":\"https:\/\/somafel.com\/pt-br\/sustentabilidade\/seguranca\/\",\"url\":\"https:\/\/somafel.com\/pt-br\/sustentabilidade\/seguranca\/\",\"name\":\"SOMAFEL - Seguran\u00e7a\",\"isPartOf\":{\"@id\":\"https:\/\/somafel.com\/pt-br\/#website\"},\"datePublished\":\"2019-05-27T17:56:49+00:00\",\"dateModified\":\"2023-10-03T11:22:32+00:00\",\"description\":\"Desde sempre, a SOMAFEL dedica especial aten\u00e7\u00e3o aos riscos profissionais, definindo princ\u00edpios de gest\u00e3o e de decis\u00e3o que possibilitam a sua preven\u00e7\u00e3o.\",\"breadcrumb\":{\"@id\":\"https:\/\/somafel.com\/pt-br\/sustentabilidade\/seguranca\/#breadcrumb\"},\"inLanguage\":\"pt-BR\",\"potentialAction\":[{\"@type\":\"ReadAction\",\"target\":[\"https:\/\/somafel.com\/pt-br\/sustentabilidade\/seguranca\/\"]}]},{\"@type\":\"BreadcrumbList\",\"@id\":\"https:\/\/somafel.com\/pt-br\/sustentabilidade\/seguranca\/#breadcrumb\",\"itemListElement\":[{\"@type\":\"ListItem\",\"position\":1,\"name\":\"In\u00edcio\",\"item\":\"https:\/\/somafel.com\/pt-br\/\"},{\"@type\":\"ListItem\",\"position\":2,\"name\":\"Seguran\u00e7a\"}]},{\"@type\":\"WebSite\",\"@id\":\"https:\/\/somafel.com\/pt-br\/#website\",\"url\":\"https:\/\/somafel.com\/pt-br\/\",\"name\":\"SOMAFEL\",\"description\":\"Railway Works Experts\",\"potentialAction\":[{\"@type\":\"SearchAction\",\"target\":{\"@type\":\"EntryPoint\",\"urlTemplate\":\"https:\/\/somafel.com\/pt-br\/?s={search_term_string}\"},\"query-input\":{\"@type\":\"PropertyValueSpecification\",\"valueRequired\":true,\"valueName\":\"search_term_string\"}}],\"inLanguage\":\"pt-BR\"}]}<\/script>\n<!-- \/ Yoast SEO plugin. -->","yoast_head_json":{"title":"SOMAFEL - Seguran\u00e7a","description":"Desde sempre, a SOMAFEL dedica especial aten\u00e7\u00e3o aos riscos profissionais, definindo princ\u00edpios de gest\u00e3o e de decis\u00e3o que possibilitam a sua preven\u00e7\u00e3o.","robots":{"index":"index","follow":"follow","max-snippet":"max-snippet:-1","max-image-preview":"max-image-preview:large","max-video-preview":"max-video-preview:-1"},"canonical":"https:\/\/somafel.com\/pt-br\/sustentabilidade\/seguranca\/","og_locale":"pt_BR","og_type":"article","og_title":"SOMAFEL - Seguran\u00e7a","og_description":"Desde sempre, a SOMAFEL dedica especial aten\u00e7\u00e3o aos riscos profissionais, definindo princ\u00edpios de gest\u00e3o e de decis\u00e3o que possibilitam a sua preven\u00e7\u00e3o.","og_url":"https:\/\/somafel.com\/pt-br\/sustentabilidade\/seguranca\/","og_site_name":"SOMAFEL","article_modified_time":"2023-10-03T11:22:32+00:00","twitter_card":"summary_large_image","twitter_misc":{"Est. tempo de leitura":"1 minuto"},"schema":{"@context":"https:\/\/schema.org","@graph":[{"@type":"WebPage","@id":"https:\/\/somafel.com\/pt-br\/sustentabilidade\/seguranca\/","url":"https:\/\/somafel.com\/pt-br\/sustentabilidade\/seguranca\/","name":"SOMAFEL - Seguran\u00e7a","isPartOf":{"@id":"https:\/\/somafel.com\/pt-br\/#website"},"datePublished":"2019-05-27T17:56:49+00:00","dateModified":"2023-10-03T11:22:32+00:00","description":"Desde sempre, a SOMAFEL dedica especial aten\u00e7\u00e3o aos riscos profissionais, definindo princ\u00edpios de gest\u00e3o e de decis\u00e3o que possibilitam a sua preven\u00e7\u00e3o.","breadcrumb":{"@id":"https:\/\/somafel.com\/pt-br\/sustentabilidade\/seguranca\/#breadcrumb"},"inLanguage":"pt-BR","potentialAction":[{"@type":"ReadAction","target":["https:\/\/somafel.com\/pt-br\/sustentabilidade\/seguranca\/"]}]},{"@type":"BreadcrumbList","@id":"https:\/\/somafel.com\/pt-br\/sustentabilidade\/seguranca\/#breadcrumb","itemListElement":[{"@type":"ListItem","position":1,"name":"In\u00edcio","item":"https:\/\/somafel.com\/pt-br\/"},{"@type":"ListItem","position":2,"name":"Seguran\u00e7a"}]},{"@type":"WebSite","@id":"https:\/\/somafel.com\/pt-br\/#website","url":"https:\/\/somafel.com\/pt-br\/","name":"SOMAFEL","description":"Railway Works Experts","potentialAction":[{"@type":"SearchAction","target":{"@type":"EntryPoint","urlTemplate":"https:\/\/somafel.com\/pt-br\/?s={search_term_string}"},"query-input":{"@type":"PropertyValueSpecification","valueRequired":true,"valueName":"search_term_string"}}],"inLanguage":"pt-BR"}]}},"uagb_featured_image_src":{"full":false,"thumbnail":false,"medium":false,"medium_large":false,"large":false,"1536x1536":false,"2048x2048":false,"custom-size":false},"uagb_author_info":{"display_name":"Marketing Teixeira Duarte","author_link":"https:\/\/somafel.com\/pt-br\/author\/"},"uagb_comment_info":0,"uagb_excerpt":"Seguran\u00e7a e Sa\u00fade no Trabalho","_links":{"self":[{"href":"https:\/\/somafel.com\/pt-br\/wp-json\/wp\/v2\/sustentabilidade\/3211","targetHints":{"allow":["GET"]}}],"collection":[{"href":"https:\/\/somafel.com\/pt-br\/wp-json\/wp\/v2\/sustentabilidade"}],"about":[{"href":"https:\/\/somafel.com\/pt-br\/wp-json\/wp\/v2\/types\/sustentabilidade"}],"wp:attachment":[{"href":"https:\/\/somafel.com\/pt-br\/wp-json\/wp\/v2\/media?parent=3211"}],"curies":[{"name":"wp","href":"https:\/\/api.w.org\/{rel}","templated":true}]}}